{"id":2275,"date":"2025-09-29T15:59:54","date_gmt":"2025-09-29T18:59:54","guid":{"rendered":"https:\/\/ncpi.org.br\/?post_type=publicacao&#038;p=2275"},"modified":"2025-10-16T12:37:22","modified_gmt":"2025-10-16T15:37:22","slug":"a-nova-face-da-inseguranca-alimentar-na-primeira-infancia","status":"publish","type":"publicacao","link":"https:\/\/ncpi.org.br\/en\/publicacao\/a-nova-face-da-inseguranca-alimentar-na-primeira-infancia\/","title":{"rendered":"A nova face da inseguran\u00e7a alimentar na primeira inf\u00e2ncia"},"content":{"rendered":"\n<p>Produzida por pesquisadores do Comit\u00ea Cient\u00edfico do N\u00facleo Ci\u00eancia Pela Inf\u00e2ncia, esta nota cient\u00edfica revela como a inseguran\u00e7a alimentar no Brasil tem se manifestado n\u00e3o apenas pela fome aguda, mas tamb\u00e9m pela m\u00e1 qualidade da dieta, marcada pela substitui\u00e7\u00e3o de alimentos saud\u00e1veis por op\u00e7\u00f5es ultraprocessadas e baratas.<\/p>\n\n\n\n<p>O texto evidencia os impactos profundos desse fen\u00f4meno na primeira inf\u00e2ncia, per\u00edodo cr\u00edtico para o crescimento e o desenvolvimento dos seres humanos. Crian\u00e7as expostas a dietas inadequadas apresentam maior risco de obesidade, anemia e doen\u00e7as cr\u00f4nicas ao longo da vida. A publica\u00e7\u00e3o tamb\u00e9m indica caminhos para gestores p\u00fablicos, orientando pol\u00edticas que garantam acesso a alimentos de qualidade, reformulem a cesta b\u00e1sica e priorizem o monitoramento da inseguran\u00e7a alimentar leve como medida essencial de preven\u00e7\u00e3o.<\/p>\n","protected":false},"excerpt":{"rendered":"<p>Produzida por pesquisadores do Comit\u00ea Cient\u00edfico do N\u00facleo Ci\u00eancia Pela Inf\u00e2ncia, esta nota cient\u00edfica revela como a inseguran\u00e7a alimentar no Brasil tem se manifestado n\u00e3o apenas pela fome aguda, mas tamb\u00e9m pela m\u00e1 qualidade da dieta, marcada pela substitui\u00e7\u00e3o de alimentos saud\u00e1veis por op\u00e7\u00f5es ultraprocessadas e baratas. O texto evidencia os impactos profundos desse fen\u00f4meno&#8230;<\/p>\n","protected":false},"featured_media":2303,"template":"","format":"standard","meta":{"_acf_changed":false,"footnotes":""},"tags":[20,60,28,23,35],"formato":[16],"procedencia":[3],"tema":[9,13],"class_list":["post-2275","publicacao","type-publicacao","status-publish","format-standard","has-post-thumbnail","hentry","tag-desenvolvimento-infantil","tag-inseguranca-alimentar","tag-politicas-publicas","tag-primeira-infancia","tag-saude-infantil","formato-texto","procedencia-comite-cientifico","tema-desenvolvimento-infantil","tema-saude-e-cuidados-infantis"],"acf":[],"yoast_head":"<!-- This site is optimized with the Yoast SEO plugin v27.5 - https:\/\/yoast.com\/product\/yoast-seo-wordpress\/ -->\n<title>A nova face da inseguran\u00e7a alimentar na primeira inf\u00e2ncia | NCPI<\/title>\n<meta name=\"description\" content=\"Dieta pouco nutritiva, marcada pelo consumo de ultraprocessados, j\u00e1 afeta o desenvolvimento de crian\u00e7as no Brasil e precisa ser combatida.\" \/>\n<meta name=\"robots\" content=\"index, follow, max-snippet:-1, max-image-preview:large, max-video-preview:-1\" \/>\n<link rel=\"canonical\" href=\"https:\/\/ncpi.org.br\/en\/publicacao\/a-nova-face-da-inseguranca-alimentar-na-primeira-infancia\/\" \/>\n<meta property=\"og:locale\" content=\"en_US\" \/>\n<meta property=\"og:type\" content=\"article\" \/>\n<meta property=\"og:title\" content=\"A nova face da inseguran\u00e7a alimentar na primeira inf\u00e2ncia | NCPI\" \/>\n<meta property=\"og:description\" content=\"Dieta pouco nutritiva, marcada pelo consumo de ultraprocessados, j\u00e1 afeta o desenvolvimento de crian\u00e7as no Brasil e precisa ser combatida.\" \/>\n<meta property=\"og:url\" content=\"https:\/\/ncpi.org.br\/en\/publicacao\/a-nova-face-da-inseguranca-alimentar-na-primeira-infancia\/\" \/>\n<meta property=\"og:site_name\" content=\"NCPI\" \/>\n<meta property=\"article:publisher\" content=\"https:\/\/www.facebook.com\/nucleocienciapelainfancia\/\" \/>\n<meta property=\"article:modified_time\" content=\"2025-10-16T15:37:22+00:00\" \/>\n<meta property=\"og:image\" content=\"https:\/\/ncpi.org.br\/wp-content\/uploads\/2025\/09\/destaque-a-nova-face-da-inseguranca-alimentar-na-primeira-infancia-1.png\" \/>\n\t<meta property=\"og:image:width\" content=\"528\" \/>\n\t<meta property=\"og:image:height\" content=\"297\" \/>\n\t<meta property=\"og:image:type\" content=\"image\/png\" \/>\n<meta name=\"twitter:card\" content=\"summary_large_image\" \/>\n<meta name=\"twitter:label1\" content=\"Est. reading time\" \/>\n\t<meta name=\"twitter:data1\" content=\"1 minute\" \/>\n<script type=\"application\/ld+json\" class=\"yoast-schema-graph\">{\"@context\":\"https:\\\/\\\/schema.org\",\"@graph\":[{\"@type\":\"WebPage\",\"@id\":\"https:\\\/\\\/ncpi.org.br\\\/en\\\/publicacao\\\/a-nova-face-da-inseguranca-alimentar-na-primeira-infancia\\\/\",\"url\":\"https:\\\/\\\/ncpi.org.br\\\/en\\\/publicacao\\\/a-nova-face-da-inseguranca-alimentar-na-primeira-infancia\\\/\",\"name\":\"A nova face da inseguran\u00e7a alimentar na primeira inf\u00e2ncia | NCPI\",\"isPartOf\":{\"@id\":\"https:\\\/\\\/ncpi.org.br\\\/en\\\/#website\"},\"primaryImageOfPage\":{\"@id\":\"https:\\\/\\\/ncpi.org.br\\\/en\\\/publicacao\\\/a-nova-face-da-inseguranca-alimentar-na-primeira-infancia\\\/#primaryimage\"},\"image\":{\"@id\":\"https:\\\/\\\/ncpi.org.br\\\/en\\\/publicacao\\\/a-nova-face-da-inseguranca-alimentar-na-primeira-infancia\\\/#primaryimage\"},\"thumbnailUrl\":\"https:\\\/\\\/ncpi.org.br\\\/wp-content\\\/uploads\\\/2025\\\/09\\\/destaque-a-nova-face-da-inseguranca-alimentar-na-primeira-infancia-1.png\",\"datePublished\":\"2025-09-29T18:59:54+00:00\",\"dateModified\":\"2025-10-16T15:37:22+00:00\",\"description\":\"Dieta pouco nutritiva, marcada pelo consumo de ultraprocessados, j\u00e1 afeta o desenvolvimento de crian\u00e7as no Brasil e precisa ser combatida.\",\"breadcrumb\":{\"@id\":\"https:\\\/\\\/ncpi.org.br\\\/en\\\/publicacao\\\/a-nova-face-da-inseguranca-alimentar-na-primeira-infancia\\\/#breadcrumb\"},\"inLanguage\":\"en-US\",\"potentialAction\":[{\"@type\":\"ReadAction\",\"target\":[\"https:\\\/\\\/ncpi.org.br\\\/en\\\/publicacao\\\/a-nova-face-da-inseguranca-alimentar-na-primeira-infancia\\\/\"]}]},{\"@type\":\"ImageObject\",\"inLanguage\":\"en-US\",\"@id\":\"https:\\\/\\\/ncpi.org.br\\\/en\\\/publicacao\\\/a-nova-face-da-inseguranca-alimentar-na-primeira-infancia\\\/#primaryimage\",\"url\":\"https:\\\/\\\/ncpi.org.br\\\/wp-content\\\/uploads\\\/2025\\\/09\\\/destaque-a-nova-face-da-inseguranca-alimentar-na-primeira-infancia-1.png\",\"contentUrl\":\"https:\\\/\\\/ncpi.org.br\\\/wp-content\\\/uploads\\\/2025\\\/09\\\/destaque-a-nova-face-da-inseguranca-alimentar-na-primeira-infancia-1.png\",\"width\":528,\"height\":297,\"caption\":\"Capa da publica\u00e7\u00e3o \\\"A nova face da inseguran\u00e7a alimentar na primeira inf\u00e2ncia\\\"\"},{\"@type\":\"BreadcrumbList\",\"@id\":\"https:\\\/\\\/ncpi.org.br\\\/en\\\/publicacao\\\/a-nova-face-da-inseguranca-alimentar-na-primeira-infancia\\\/#breadcrumb\",\"itemListElement\":[{\"@type\":\"ListItem\",\"position\":1,\"name\":\"Home\",\"item\":\"https:\\\/\\\/ncpi.org.br\\\/en\\\/\"},{\"@type\":\"ListItem\",\"position\":2,\"name\":\"A nova face da inseguran\u00e7a alimentar na primeira inf\u00e2ncia\"}]},{\"@type\":\"WebSite\",\"@id\":\"https:\\\/\\\/ncpi.org.br\\\/en\\\/#website\",\"url\":\"https:\\\/\\\/ncpi.org.br\\\/en\\\/\",\"name\":\"NCPI\",\"description\":\"Ci\u00eancia a servi\u00e7o da qualifica\u00e7\u00e3o de pol\u00edticas p\u00fablicas para as primeiras inf\u00e2ncias brasileiras\",\"publisher\":{\"@id\":\"https:\\\/\\\/ncpi.org.br\\\/en\\\/#organization\"},\"alternateName\":\"N\u00facleo Ci\u00eancia Pela Inf\u00e2ncia\",\"potentialAction\":[{\"@type\":\"SearchAction\",\"target\":{\"@type\":\"EntryPoint\",\"urlTemplate\":\"https:\\\/\\\/ncpi.org.br\\\/en\\\/?s={search_term_string}\"},\"query-input\":{\"@type\":\"PropertyValueSpecification\",\"valueRequired\":true,\"valueName\":\"search_term_string\"}}],\"inLanguage\":\"en-US\"},{\"@type\":\"Organization\",\"@id\":\"https:\\\/\\\/ncpi.org.br\\\/en\\\/#organization\",\"name\":\"N\u00facleo Ci\u00eancia Pela Inf\u00e2ncia\",\"alternateName\":\"NCPI\",\"url\":\"https:\\\/\\\/ncpi.org.br\\\/en\\\/\",\"logo\":{\"@type\":\"ImageObject\",\"inLanguage\":\"en-US\",\"@id\":\"https:\\\/\\\/ncpi.org.br\\\/en\\\/#\\\/schema\\\/logo\\\/image\\\/\",\"url\":\"https:\\\/\\\/ncpi.org.br\\\/wp-content\\\/uploads\\\/2024\\\/07\\\/cropped-favicon.png\",\"contentUrl\":\"https:\\\/\\\/ncpi.org.br\\\/wp-content\\\/uploads\\\/2024\\\/07\\\/cropped-favicon.png\",\"width\":512,\"height\":512,\"caption\":\"N\u00facleo Ci\u00eancia Pela Inf\u00e2ncia\"},\"image\":{\"@id\":\"https:\\\/\\\/ncpi.org.br\\\/en\\\/#\\\/schema\\\/logo\\\/image\\\/\"},\"sameAs\":[\"https:\\\/\\\/www.facebook.com\\\/nucleocienciapelainfancia\\\/\",\"https:\\\/\\\/www.linkedin.com\\\/company\\\/nucleocienciapelainfancia\",\"https:\\\/\\\/www.youtube.com\\\/nucleocienciapelainfancia\",\"https:\\\/\\\/www.instagram.com\\\/nucleocienciapelainfancia\\\/\"]}]}<\/script>\n<!-- \/ Yoast SEO plugin. -->","yoast_head_json":{"title":"A nova face da inseguran\u00e7a alimentar na primeira inf\u00e2ncia | NCPI","description":"Dieta pouco nutritiva, marcada pelo consumo de ultraprocessados, j\u00e1 afeta o desenvolvimento de crian\u00e7as no Brasil e precisa ser combatida.","robots":{"index":"index","follow":"follow","max-snippet":"max-snippet:-1","max-image-preview":"max-image-preview:large","max-video-preview":"max-video-preview:-1"},"canonical":"https:\/\/ncpi.org.br\/en\/publicacao\/a-nova-face-da-inseguranca-alimentar-na-primeira-infancia\/","og_locale":"en_US","og_type":"article","og_title":"A nova face da inseguran\u00e7a alimentar na primeira inf\u00e2ncia | NCPI","og_description":"Dieta pouco nutritiva, marcada pelo consumo de ultraprocessados, j\u00e1 afeta o desenvolvimento de crian\u00e7as no Brasil e precisa ser combatida.","og_url":"https:\/\/ncpi.org.br\/en\/publicacao\/a-nova-face-da-inseguranca-alimentar-na-primeira-infancia\/","og_site_name":"NCPI","article_publisher":"https:\/\/www.facebook.com\/nucleocienciapelainfancia\/","article_modified_time":"2025-10-16T15:37:22+00:00","og_image":[{"width":528,"height":297,"url":"https:\/\/ncpi.org.br\/wp-content\/uploads\/2025\/09\/destaque-a-nova-face-da-inseguranca-alimentar-na-primeira-infancia-1.png","type":"image\/png"}],"twitter_card":"summary_large_image","twitter_misc":{"Est. reading time":"1 minute"},"schema":{"@context":"https:\/\/schema.org","@graph":[{"@type":"WebPage","@id":"https:\/\/ncpi.org.br\/en\/publicacao\/a-nova-face-da-inseguranca-alimentar-na-primeira-infancia\/","url":"https:\/\/ncpi.org.br\/en\/publicacao\/a-nova-face-da-inseguranca-alimentar-na-primeira-infancia\/","name":"A nova face da inseguran\u00e7a alimentar na primeira inf\u00e2ncia | NCPI","isPartOf":{"@id":"https:\/\/ncpi.org.br\/en\/#website"},"primaryImageOfPage":{"@id":"https:\/\/ncpi.org.br\/en\/publicacao\/a-nova-face-da-inseguranca-alimentar-na-primeira-infancia\/#primaryimage"},"image":{"@id":"https:\/\/ncpi.org.br\/en\/publicacao\/a-nova-face-da-inseguranca-alimentar-na-primeira-infancia\/#primaryimage"},"thumbnailUrl":"https:\/\/ncpi.org.br\/wp-content\/uploads\/2025\/09\/destaque-a-nova-face-da-inseguranca-alimentar-na-primeira-infancia-1.png","datePublished":"2025-09-29T18:59:54+00:00","dateModified":"2025-10-16T15:37:22+00:00","description":"Dieta pouco nutritiva, marcada pelo consumo de ultraprocessados, j\u00e1 afeta o desenvolvimento de crian\u00e7as no Brasil e precisa ser combatida.","breadcrumb":{"@id":"https:\/\/ncpi.org.br\/en\/publicacao\/a-nova-face-da-inseguranca-alimentar-na-primeira-infancia\/#breadcrumb"},"inLanguage":"en-US","potentialAction":[{"@type":"ReadAction","target":["https:\/\/ncpi.org.br\/en\/publicacao\/a-nova-face-da-inseguranca-alimentar-na-primeira-infancia\/"]}]},{"@type":"ImageObject","inLanguage":"en-US","@id":"https:\/\/ncpi.org.br\/en\/publicacao\/a-nova-face-da-inseguranca-alimentar-na-primeira-infancia\/#primaryimage","url":"https:\/\/ncpi.org.br\/wp-content\/uploads\/2025\/09\/destaque-a-nova-face-da-inseguranca-alimentar-na-primeira-infancia-1.png","contentUrl":"https:\/\/ncpi.org.br\/wp-content\/uploads\/2025\/09\/destaque-a-nova-face-da-inseguranca-alimentar-na-primeira-infancia-1.png","width":528,"height":297,"caption":"Capa da publica\u00e7\u00e3o \"A nova face da inseguran\u00e7a alimentar na primeira inf\u00e2ncia\""},{"@type":"BreadcrumbList","@id":"https:\/\/ncpi.org.br\/en\/publicacao\/a-nova-face-da-inseguranca-alimentar-na-primeira-infancia\/#breadcrumb","itemListElement":[{"@type":"ListItem","position":1,"name":"Home","item":"https:\/\/ncpi.org.br\/en\/"},{"@type":"ListItem","position":2,"name":"A nova face da inseguran\u00e7a alimentar na primeira inf\u00e2ncia"}]},{"@type":"WebSite","@id":"https:\/\/ncpi.org.br\/en\/#website","url":"https:\/\/ncpi.org.br\/en\/","name":"NCPI","description":"Ci\u00eancia a servi\u00e7o da qualifica\u00e7\u00e3o de pol\u00edticas p\u00fablicas para as primeiras inf\u00e2ncias brasileiras","publisher":{"@id":"https:\/\/ncpi.org.br\/en\/#organization"},"alternateName":"N\u00facleo Ci\u00eancia Pela Inf\u00e2ncia","potentialAction":[{"@type":"SearchAction","target":{"@type":"EntryPoint","urlTemplate":"https:\/\/ncpi.org.br\/en\/?s={search_term_string}"},"query-input":{"@type":"PropertyValueSpecification","valueRequired":true,"valueName":"search_term_string"}}],"inLanguage":"en-US"},{"@type":"Organization","@id":"https:\/\/ncpi.org.br\/en\/#organization","name":"N\u00facleo Ci\u00eancia Pela Inf\u00e2ncia","alternateName":"NCPI","url":"https:\/\/ncpi.org.br\/en\/","logo":{"@type":"ImageObject","inLanguage":"en-US","@id":"https:\/\/ncpi.org.br\/en\/#\/schema\/logo\/image\/","url":"https:\/\/ncpi.org.br\/wp-content\/uploads\/2024\/07\/cropped-favicon.png","contentUrl":"https:\/\/ncpi.org.br\/wp-content\/uploads\/2024\/07\/cropped-favicon.png","width":512,"height":512,"caption":"N\u00facleo Ci\u00eancia Pela Inf\u00e2ncia"},"image":{"@id":"https:\/\/ncpi.org.br\/en\/#\/schema\/logo\/image\/"},"sameAs":["https:\/\/www.facebook.com\/nucleocienciapelainfancia\/","https:\/\/www.linkedin.com\/company\/nucleocienciapelainfancia","https:\/\/www.youtube.com\/nucleocienciapelainfancia","https:\/\/www.instagram.com\/nucleocienciapelainfancia\/"]}]}},"_links":{"self":[{"href":"https:\/\/ncpi.org.br\/en\/wp-json\/wp\/v2\/publicacao\/2275","targetHints":{"allow":["GET"]}}],"collection":[{"href":"https:\/\/ncpi.org.br\/en\/wp-json\/wp\/v2\/publicacao"}],"about":[{"href":"https:\/\/ncpi.org.br\/en\/wp-json\/wp\/v2\/types\/publicacao"}],"version-history":[{"count":0,"href":"https:\/\/ncpi.org.br\/en\/wp-json\/wp\/v2\/publicacao\/2275\/revisions"}],"wp:featuredmedia":[{"embeddable":true,"href":"https:\/\/ncpi.org.br\/en\/wp-json\/wp\/v2\/media\/2303"}],"wp:attachment":[{"href":"https:\/\/ncpi.org.br\/en\/wp-json\/wp\/v2\/media?parent=2275"}],"wp:term":[{"taxonomy":"post_tag","embeddable":true,"href":"https:\/\/ncpi.org.br\/en\/wp-json\/wp\/v2\/tags?post=2275"},{"taxonomy":"formato","embeddable":true,"href":"https:\/\/ncpi.org.br\/en\/wp-json\/wp\/v2\/formato?post=2275"},{"taxonomy":"procedencia","embeddable":true,"href":"https:\/\/ncpi.org.br\/en\/wp-json\/wp\/v2\/procedencia?post=2275"},{"taxonomy":"tema","embeddable":true,"href":"https:\/\/ncpi.org.br\/en\/wp-json\/wp\/v2\/tema?post=2275"}],"curies":[{"name":"wp","href":"https:\/\/api.w.org\/{rel}","templated":true}]}}