{"id":2554,"date":"2026-04-27T15:45:25","date_gmt":"2026-04-27T18:45:25","guid":{"rendered":"https:\/\/ncpi.org.br\/?post_type=publicacao&#038;p=2554"},"modified":"2026-04-27T16:38:24","modified_gmt":"2026-04-27T19:38:24","slug":"politicas-publicas-de-saude-precisam-estar-proximas-das-criancas-ribeirinhas","status":"publish","type":"publicacao","link":"https:\/\/ncpi.org.br\/en\/publicacao\/politicas-publicas-de-saude-precisam-estar-proximas-das-criancas-ribeirinhas\/","title":{"rendered":"Pol\u00edticas p\u00fablicas de sa\u00fade precisam estar pr\u00f3ximas das crian\u00e7as ribeirinhas"},"content":{"rendered":"\n<p>Em Melga\u00e7o (PA), crian\u00e7as na primeira inf\u00e2ncia enfrentam barreiras no acesso e na continuidade do cuidado em sa\u00fade, especialmente entre popula\u00e7\u00f5es ribeirinhas. A pesquisa de <a href=\"https:\/\/buscatextual.cnpq.br\/buscatextual\/visualizacv.do?metodo=apresentar&amp;id=K8610623U0\" type=\"link\" id=\"https:\/\/buscatextual.cnpq.br\/buscatextual\/visualizacv.do?metodo=apresentar&amp;id=K8610623U0\">Let\u00edcia Costa de Carvalho<\/a>, da Universidade Federal do Par\u00e1 (UFPA) \u2014 vencedora do <a href=\"https:\/\/ncpi.org.br\/iniciativa\/premio-ciencia-pela-primeira-infancia\/\" type=\"link\" id=\"https:\/\/ncpi.org.br\/iniciativa\/premio-ciencia-pela-primeira-infancia\/\">3\u00ba Pr\u00eamio Ci\u00eancia pela Primeira Inf\u00e2ncia <\/a>\u2014 investigou esse cen\u00e1rio e mostrou que, apesar da exist\u00eancia de 16 unidades b\u00e1sicas de sa\u00fade, h\u00e1 limita\u00e7\u00f5es estruturais e territoriais que dificultam o atendimento, al\u00e9m de um Plano Municipal de Sa\u00fade que n\u00e3o contempla integralmente a PNAISC e prioriza a \u00e1rea urbana.<\/p>\n\n\n\n<p>Enquanto a UBS fluvial deveria promover equidade, sua atua\u00e7\u00e3o ocorre de forma descont\u00ednua, refor\u00e7ando desigualdades no acesso. O estudo aponta que \u00e9 preciso alinhar as pol\u00edticas de sa\u00fade aos modos de vida amaz\u00f4nicos, garantindo estrat\u00e9gias mais adequadas ao territ\u00f3rio e fortalecendo o direito \u00e0 sa\u00fade na primeira inf\u00e2ncia.<\/p>\n","protected":false},"excerpt":{"rendered":"<p>Em Melga\u00e7o (PA), crian\u00e7as na primeira inf\u00e2ncia enfrentam barreiras no acesso e na continuidade do cuidado em sa\u00fade, especialmente entre popula\u00e7\u00f5es ribeirinhas. A pesquisa de Let\u00edcia Costa de Carvalho, da Universidade Federal do Par\u00e1 (UFPA) \u2014 vencedora do 3\u00ba Pr\u00eamio Ci\u00eancia pela Primeira Inf\u00e2ncia \u2014 investigou esse cen\u00e1rio e mostrou que, apesar da exist\u00eancia de&#8230;<\/p>\n","protected":false},"featured_media":0,"template":"","format":"standard","meta":{"_acf_changed":false,"footnotes":""},"tags":[20,59,28,23,35],"formato":[17],"procedencia":[4],"tema":[12,13],"class_list":["post-2554","publicacao","type-publicacao","status-publish","format-standard","hentry","tag-desenvolvimento-infantil","tag-desigualdades-sociais","tag-politicas-publicas","tag-primeira-infancia","tag-saude-infantil","formato-infografico","procedencia-premio-ciencia-pela-primeira-infancia","tema-politicas-publicas","tema-saude-e-cuidados-infantis"],"acf":[],"yoast_head":"<!-- This site is optimized with the Yoast SEO plugin v27.5 - https:\/\/yoast.com\/product\/yoast-seo-wordpress\/ -->\n<title>Pol\u00edticas p\u00fablicas de sa\u00fade precisam estar pr\u00f3ximas das crian\u00e7as ribeirinhas | NCPI<\/title>\n<meta name=\"description\" content=\"Pesquisa em Melga\u00e7o (PA) revela barreiras no acesso \u00e0 sa\u00fade na primeira inf\u00e2ncia, com desigualdades para popula\u00e7\u00f5es ribeirinhas e falhas na continuidade do cuidado.\" \/>\n<meta name=\"robots\" content=\"index, follow, max-snippet:-1, max-image-preview:large, max-video-preview:-1\" \/>\n<link rel=\"canonical\" href=\"https:\/\/ncpi.org.br\/en\/publicacao\/politicas-publicas-de-saude-precisam-estar-proximas-das-criancas-ribeirinhas\/\" \/>\n<meta property=\"og:locale\" content=\"en_US\" \/>\n<meta property=\"og:type\" content=\"article\" \/>\n<meta property=\"og:title\" content=\"Pol\u00edticas p\u00fablicas de sa\u00fade precisam estar pr\u00f3ximas das crian\u00e7as ribeirinhas | NCPI\" \/>\n<meta property=\"og:description\" content=\"Pesquisa em Melga\u00e7o (PA) revela barreiras no acesso \u00e0 sa\u00fade na primeira inf\u00e2ncia, com desigualdades para popula\u00e7\u00f5es ribeirinhas e falhas na continuidade do cuidado.\" \/>\n<meta property=\"og:url\" content=\"https:\/\/ncpi.org.br\/en\/publicacao\/politicas-publicas-de-saude-precisam-estar-proximas-das-criancas-ribeirinhas\/\" \/>\n<meta property=\"og:site_name\" content=\"NCPI\" \/>\n<meta property=\"article:publisher\" content=\"https:\/\/www.facebook.com\/nucleocienciapelainfancia\/\" \/>\n<meta property=\"article:modified_time\" content=\"2026-04-27T19:38:24+00:00\" \/>\n<meta property=\"og:image\" content=\"https:\/\/ncpi.org.br\/wp-content\/uploads\/2024\/07\/share-image.png\" \/>\n\t<meta property=\"og:image:width\" content=\"1200\" \/>\n\t<meta property=\"og:image:height\" content=\"630\" \/>\n\t<meta property=\"og:image:type\" content=\"image\/png\" \/>\n<meta name=\"twitter:card\" content=\"summary_large_image\" \/>\n<meta name=\"twitter:label1\" content=\"Est. reading time\" \/>\n\t<meta name=\"twitter:data1\" content=\"1 minute\" \/>\n<script type=\"application\/ld+json\" class=\"yoast-schema-graph\">{\"@context\":\"https:\\\/\\\/schema.org\",\"@graph\":[{\"@type\":\"WebPage\",\"@id\":\"https:\\\/\\\/ncpi.org.br\\\/en\\\/publicacao\\\/politicas-publicas-de-saude-precisam-estar-proximas-das-criancas-ribeirinhas\\\/\",\"url\":\"https:\\\/\\\/ncpi.org.br\\\/en\\\/publicacao\\\/politicas-publicas-de-saude-precisam-estar-proximas-das-criancas-ribeirinhas\\\/\",\"name\":\"Pol\u00edticas p\u00fablicas de sa\u00fade precisam estar pr\u00f3ximas das crian\u00e7as ribeirinhas | NCPI\",\"isPartOf\":{\"@id\":\"https:\\\/\\\/ncpi.org.br\\\/en\\\/#website\"},\"datePublished\":\"2026-04-27T18:45:25+00:00\",\"dateModified\":\"2026-04-27T19:38:24+00:00\",\"description\":\"Pesquisa em Melga\u00e7o (PA) revela barreiras no acesso \u00e0 sa\u00fade na primeira inf\u00e2ncia, com desigualdades para popula\u00e7\u00f5es ribeirinhas e falhas na continuidade do cuidado.\",\"breadcrumb\":{\"@id\":\"https:\\\/\\\/ncpi.org.br\\\/en\\\/publicacao\\\/politicas-publicas-de-saude-precisam-estar-proximas-das-criancas-ribeirinhas\\\/#breadcrumb\"},\"inLanguage\":\"en-US\",\"potentialAction\":[{\"@type\":\"ReadAction\",\"target\":[\"https:\\\/\\\/ncpi.org.br\\\/en\\\/publicacao\\\/politicas-publicas-de-saude-precisam-estar-proximas-das-criancas-ribeirinhas\\\/\"]}]},{\"@type\":\"BreadcrumbList\",\"@id\":\"https:\\\/\\\/ncpi.org.br\\\/en\\\/publicacao\\\/politicas-publicas-de-saude-precisam-estar-proximas-das-criancas-ribeirinhas\\\/#breadcrumb\",\"itemListElement\":[{\"@type\":\"ListItem\",\"position\":1,\"name\":\"Home\",\"item\":\"https:\\\/\\\/ncpi.org.br\\\/en\\\/\"},{\"@type\":\"ListItem\",\"position\":2,\"name\":\"Pol\u00edticas p\u00fablicas de sa\u00fade precisam estar pr\u00f3ximas das crian\u00e7as ribeirinhas\"}]},{\"@type\":\"WebSite\",\"@id\":\"https:\\\/\\\/ncpi.org.br\\\/en\\\/#website\",\"url\":\"https:\\\/\\\/ncpi.org.br\\\/en\\\/\",\"name\":\"NCPI\",\"description\":\"Ci\u00eancia a servi\u00e7o da qualifica\u00e7\u00e3o de pol\u00edticas p\u00fablicas para as primeiras inf\u00e2ncias brasileiras\",\"publisher\":{\"@id\":\"https:\\\/\\\/ncpi.org.br\\\/en\\\/#organization\"},\"alternateName\":\"N\u00facleo Ci\u00eancia Pela Inf\u00e2ncia\",\"potentialAction\":[{\"@type\":\"SearchAction\",\"target\":{\"@type\":\"EntryPoint\",\"urlTemplate\":\"https:\\\/\\\/ncpi.org.br\\\/en\\\/?s={search_term_string}\"},\"query-input\":{\"@type\":\"PropertyValueSpecification\",\"valueRequired\":true,\"valueName\":\"search_term_string\"}}],\"inLanguage\":\"en-US\"},{\"@type\":\"Organization\",\"@id\":\"https:\\\/\\\/ncpi.org.br\\\/en\\\/#organization\",\"name\":\"N\u00facleo Ci\u00eancia Pela Inf\u00e2ncia\",\"alternateName\":\"NCPI\",\"url\":\"https:\\\/\\\/ncpi.org.br\\\/en\\\/\",\"logo\":{\"@type\":\"ImageObject\",\"inLanguage\":\"en-US\",\"@id\":\"https:\\\/\\\/ncpi.org.br\\\/en\\\/#\\\/schema\\\/logo\\\/image\\\/\",\"url\":\"https:\\\/\\\/ncpi.org.br\\\/wp-content\\\/uploads\\\/2024\\\/07\\\/cropped-favicon.png\",\"contentUrl\":\"https:\\\/\\\/ncpi.org.br\\\/wp-content\\\/uploads\\\/2024\\\/07\\\/cropped-favicon.png\",\"width\":512,\"height\":512,\"caption\":\"N\u00facleo Ci\u00eancia Pela Inf\u00e2ncia\"},\"image\":{\"@id\":\"https:\\\/\\\/ncpi.org.br\\\/en\\\/#\\\/schema\\\/logo\\\/image\\\/\"},\"sameAs\":[\"https:\\\/\\\/www.facebook.com\\\/nucleocienciapelainfancia\\\/\",\"https:\\\/\\\/www.linkedin.com\\\/company\\\/nucleocienciapelainfancia\",\"https:\\\/\\\/www.youtube.com\\\/nucleocienciapelainfancia\",\"https:\\\/\\\/www.instagram.com\\\/nucleocienciapelainfancia\\\/\"]}]}<\/script>\n<!-- \/ Yoast SEO plugin. -->","yoast_head_json":{"title":"Pol\u00edticas p\u00fablicas de sa\u00fade precisam estar pr\u00f3ximas das crian\u00e7as ribeirinhas | NCPI","description":"Pesquisa em Melga\u00e7o (PA) revela barreiras no acesso \u00e0 sa\u00fade na primeira inf\u00e2ncia, com desigualdades para popula\u00e7\u00f5es ribeirinhas e falhas na continuidade do cuidado.","robots":{"index":"index","follow":"follow","max-snippet":"max-snippet:-1","max-image-preview":"max-image-preview:large","max-video-preview":"max-video-preview:-1"},"canonical":"https:\/\/ncpi.org.br\/en\/publicacao\/politicas-publicas-de-saude-precisam-estar-proximas-das-criancas-ribeirinhas\/","og_locale":"en_US","og_type":"article","og_title":"Pol\u00edticas p\u00fablicas de sa\u00fade precisam estar pr\u00f3ximas das crian\u00e7as ribeirinhas | NCPI","og_description":"Pesquisa em Melga\u00e7o (PA) revela barreiras no acesso \u00e0 sa\u00fade na primeira inf\u00e2ncia, com desigualdades para popula\u00e7\u00f5es ribeirinhas e falhas na continuidade do cuidado.","og_url":"https:\/\/ncpi.org.br\/en\/publicacao\/politicas-publicas-de-saude-precisam-estar-proximas-das-criancas-ribeirinhas\/","og_site_name":"NCPI","article_publisher":"https:\/\/www.facebook.com\/nucleocienciapelainfancia\/","article_modified_time":"2026-04-27T19:38:24+00:00","og_image":[{"width":1200,"height":630,"url":"https:\/\/ncpi.org.br\/wp-content\/uploads\/2024\/07\/share-image.png","type":"image\/png"}],"twitter_card":"summary_large_image","twitter_misc":{"Est. reading time":"1 minute"},"schema":{"@context":"https:\/\/schema.org","@graph":[{"@type":"WebPage","@id":"https:\/\/ncpi.org.br\/en\/publicacao\/politicas-publicas-de-saude-precisam-estar-proximas-das-criancas-ribeirinhas\/","url":"https:\/\/ncpi.org.br\/en\/publicacao\/politicas-publicas-de-saude-precisam-estar-proximas-das-criancas-ribeirinhas\/","name":"Pol\u00edticas p\u00fablicas de sa\u00fade precisam estar pr\u00f3ximas das crian\u00e7as ribeirinhas | NCPI","isPartOf":{"@id":"https:\/\/ncpi.org.br\/en\/#website"},"datePublished":"2026-04-27T18:45:25+00:00","dateModified":"2026-04-27T19:38:24+00:00","description":"Pesquisa em Melga\u00e7o (PA) revela barreiras no acesso \u00e0 sa\u00fade na primeira inf\u00e2ncia, com desigualdades para popula\u00e7\u00f5es ribeirinhas e falhas na continuidade do cuidado.","breadcrumb":{"@id":"https:\/\/ncpi.org.br\/en\/publicacao\/politicas-publicas-de-saude-precisam-estar-proximas-das-criancas-ribeirinhas\/#breadcrumb"},"inLanguage":"en-US","potentialAction":[{"@type":"ReadAction","target":["https:\/\/ncpi.org.br\/en\/publicacao\/politicas-publicas-de-saude-precisam-estar-proximas-das-criancas-ribeirinhas\/"]}]},{"@type":"BreadcrumbList","@id":"https:\/\/ncpi.org.br\/en\/publicacao\/politicas-publicas-de-saude-precisam-estar-proximas-das-criancas-ribeirinhas\/#breadcrumb","itemListElement":[{"@type":"ListItem","position":1,"name":"Home","item":"https:\/\/ncpi.org.br\/en\/"},{"@type":"ListItem","position":2,"name":"Pol\u00edticas p\u00fablicas de sa\u00fade precisam estar pr\u00f3ximas das crian\u00e7as ribeirinhas"}]},{"@type":"WebSite","@id":"https:\/\/ncpi.org.br\/en\/#website","url":"https:\/\/ncpi.org.br\/en\/","name":"NCPI","description":"Ci\u00eancia a servi\u00e7o da qualifica\u00e7\u00e3o de pol\u00edticas p\u00fablicas para as primeiras inf\u00e2ncias brasileiras","publisher":{"@id":"https:\/\/ncpi.org.br\/en\/#organization"},"alternateName":"N\u00facleo Ci\u00eancia Pela Inf\u00e2ncia","potentialAction":[{"@type":"SearchAction","target":{"@type":"EntryPoint","urlTemplate":"https:\/\/ncpi.org.br\/en\/?s={search_term_string}"},"query-input":{"@type":"PropertyValueSpecification","valueRequired":true,"valueName":"search_term_string"}}],"inLanguage":"en-US"},{"@type":"Organization","@id":"https:\/\/ncpi.org.br\/en\/#organization","name":"N\u00facleo Ci\u00eancia Pela Inf\u00e2ncia","alternateName":"NCPI","url":"https:\/\/ncpi.org.br\/en\/","logo":{"@type":"ImageObject","inLanguage":"en-US","@id":"https:\/\/ncpi.org.br\/en\/#\/schema\/logo\/image\/","url":"https:\/\/ncpi.org.br\/wp-content\/uploads\/2024\/07\/cropped-favicon.png","contentUrl":"https:\/\/ncpi.org.br\/wp-content\/uploads\/2024\/07\/cropped-favicon.png","width":512,"height":512,"caption":"N\u00facleo Ci\u00eancia Pela Inf\u00e2ncia"},"image":{"@id":"https:\/\/ncpi.org.br\/en\/#\/schema\/logo\/image\/"},"sameAs":["https:\/\/www.facebook.com\/nucleocienciapelainfancia\/","https:\/\/www.linkedin.com\/company\/nucleocienciapelainfancia","https:\/\/www.youtube.com\/nucleocienciapelainfancia","https:\/\/www.instagram.com\/nucleocienciapelainfancia\/"]}]}},"_links":{"self":[{"href":"https:\/\/ncpi.org.br\/en\/wp-json\/wp\/v2\/publicacao\/2554","targetHints":{"allow":["GET"]}}],"collection":[{"href":"https:\/\/ncpi.org.br\/en\/wp-json\/wp\/v2\/publicacao"}],"about":[{"href":"https:\/\/ncpi.org.br\/en\/wp-json\/wp\/v2\/types\/publicacao"}],"version-history":[{"count":2,"href":"https:\/\/ncpi.org.br\/en\/wp-json\/wp\/v2\/publicacao\/2554\/revisions"}],"predecessor-version":[{"id":2563,"href":"https:\/\/ncpi.org.br\/en\/wp-json\/wp\/v2\/publicacao\/2554\/revisions\/2563"}],"wp:attachment":[{"href":"https:\/\/ncpi.org.br\/en\/wp-json\/wp\/v2\/media?parent=2554"}],"wp:term":[{"taxonomy":"post_tag","embeddable":true,"href":"https:\/\/ncpi.org.br\/en\/wp-json\/wp\/v2\/tags?post=2554"},{"taxonomy":"formato","embeddable":true,"href":"https:\/\/ncpi.org.br\/en\/wp-json\/wp\/v2\/formato?post=2554"},{"taxonomy":"procedencia","embeddable":true,"href":"https:\/\/ncpi.org.br\/en\/wp-json\/wp\/v2\/procedencia?post=2554"},{"taxonomy":"tema","embeddable":true,"href":"https:\/\/ncpi.org.br\/en\/wp-json\/wp\/v2\/tema?post=2554"}],"curies":[{"name":"wp","href":"https:\/\/api.w.org\/{rel}","templated":true}]}}