{"id":267,"date":"2023-05-28T11:15:00","date_gmt":"2023-05-28T14:15:00","guid":{"rendered":"https:\/\/ncpi.org.br\/?post_type=publicacao&#038;p=267"},"modified":"2025-01-09T16:02:56","modified_gmt":"2025-01-09T19:02:56","slug":"impacto-das-praticas-de-gestao-a-saude-materno-infantil-na-mortalidade-das-criancas-de-sobral-ceara","status":"publish","type":"publicacao","link":"https:\/\/ncpi.org.br\/en\/publicacao\/impacto-das-praticas-de-gestao-a-saude-materno-infantil-na-mortalidade-das-criancas-de-sobral-ceara\/","title":{"rendered":"Impacto das pr\u00e1ticas de gest\u00e3o \u00e0 sa\u00fade materno-infantil na mortalidade das crian\u00e7as de Sobral (Cear\u00e1)"},"content":{"rendered":"\n<p>Vencedor da primeira edi\u00e7\u00e3o do Pr\u00eamio Ci\u00eancia pela Primeira Inf\u00e2ncia, este estudo conduzido pela pesquisadora Denise Lima Nogueira analisou pr\u00e1ticas de gest\u00e3o, pol\u00edticas e programas de sa\u00fade voltados \u00e0 assist\u00eancia, ao acompanhamento e \u00e0 avalia\u00e7\u00e3o da sa\u00fade materno-infantil em Sobral e seus impactos na mortalidade infantil.<\/p>\n","protected":false},"excerpt":{"rendered":"<p>Vencedor da primeira edi\u00e7\u00e3o do Pr\u00eamio Ci\u00eancia pela Primeira Inf\u00e2ncia, este estudo conduzido pela pesquisadora Denise Lima Nogueira analisou pr\u00e1ticas de gest\u00e3o, pol\u00edticas e programas de sa\u00fade voltados \u00e0 assist\u00eancia, ao acompanhamento e \u00e0 avalia\u00e7\u00e3o da sa\u00fade materno-infantil em Sobral e seus impactos na mortalidade infantil.<\/p>\n","protected":false},"featured_media":508,"template":"","format":"standard","meta":{"_acf_changed":false,"footnotes":""},"tags":[20,24,28,129,125],"formato":[17],"procedencia":[4],"tema":[12,13],"class_list":["post-267","publicacao","type-publicacao","status-publish","format-standard","has-post-thumbnail","hentry","tag-desenvolvimento-infantil","tag-mortalidade-infantil","tag-politicas-publicas","tag-saude-materno-infantil","tag-visitacao-domiciliar","formato-infografico","procedencia-premio-ciencia-pela-primeira-infancia","tema-politicas-publicas","tema-saude-e-cuidados-infantis"],"acf":[],"yoast_head":"<!-- This site is optimized with the Yoast SEO plugin v27.5 - https:\/\/yoast.com\/product\/yoast-seo-wordpress\/ -->\n<title>Impacto das pr\u00e1ticas de gest\u00e3o \u00e0 sa\u00fade materno-infantil na mortalidade das crian\u00e7as de Sobral (Cear\u00e1) | NCPI<\/title>\n<meta name=\"description\" content=\"As taxas de mortalidade infantil cae quando h\u00e1 boas pr\u00e1ticas de gest\u00e3o da sa\u00fade materno-infantil atreladas a visita\u00e7\u00e3o domiciliar.\" \/>\n<meta name=\"robots\" content=\"index, follow, max-snippet:-1, max-image-preview:large, max-video-preview:-1\" \/>\n<link rel=\"canonical\" href=\"https:\/\/ncpi.org.br\/en\/publicacao\/impacto-das-praticas-de-gestao-a-saude-materno-infantil-na-mortalidade-das-criancas-de-sobral-ceara\/\" \/>\n<meta property=\"og:locale\" content=\"en_US\" \/>\n<meta property=\"og:type\" content=\"article\" \/>\n<meta property=\"og:title\" content=\"Impacto das pr\u00e1ticas de gest\u00e3o \u00e0 sa\u00fade materno-infantil na mortalidade das crian\u00e7as de Sobral (Cear\u00e1) | NCPI\" \/>\n<meta property=\"og:description\" content=\"As taxas de mortalidade infantil cae quando h\u00e1 boas pr\u00e1ticas de gest\u00e3o da sa\u00fade materno-infantil atreladas a visita\u00e7\u00e3o domiciliar.\" \/>\n<meta property=\"og:url\" content=\"https:\/\/ncpi.org.br\/en\/publicacao\/impacto-das-praticas-de-gestao-a-saude-materno-infantil-na-mortalidade-das-criancas-de-sobral-ceara\/\" \/>\n<meta property=\"og:site_name\" content=\"NCPI\" \/>\n<meta property=\"article:publisher\" content=\"https:\/\/www.facebook.com\/nucleocienciapelainfancia\/\" \/>\n<meta property=\"article:modified_time\" content=\"2025-01-09T19:02:56+00:00\" \/>\n<meta property=\"og:image\" content=\"https:\/\/ncpi.org.br\/wp-content\/uploads\/2024\/08\/destaque-impacto-das-praticas-de-gestao-a-saude-materno-infantil-na-mortalidade-das-criancas-de-sobral-ceara.png\" \/>\n\t<meta property=\"og:image:width\" content=\"528\" \/>\n\t<meta property=\"og:image:height\" content=\"297\" \/>\n\t<meta property=\"og:image:type\" content=\"image\/png\" \/>\n<meta name=\"twitter:card\" content=\"summary_large_image\" \/>\n<meta name=\"twitter:label1\" content=\"Est. reading time\" \/>\n\t<meta name=\"twitter:data1\" content=\"1 minute\" \/>\n<script type=\"application\/ld+json\" class=\"yoast-schema-graph\">{\"@context\":\"https:\\\/\\\/schema.org\",\"@graph\":[{\"@type\":\"WebPage\",\"@id\":\"https:\\\/\\\/ncpi.org.br\\\/en\\\/publicacao\\\/impacto-das-praticas-de-gestao-a-saude-materno-infantil-na-mortalidade-das-criancas-de-sobral-ceara\\\/\",\"url\":\"https:\\\/\\\/ncpi.org.br\\\/en\\\/publicacao\\\/impacto-das-praticas-de-gestao-a-saude-materno-infantil-na-mortalidade-das-criancas-de-sobral-ceara\\\/\",\"name\":\"Impacto das pr\u00e1ticas de gest\u00e3o \u00e0 sa\u00fade materno-infantil na mortalidade das crian\u00e7as de Sobral (Cear\u00e1) | NCPI\",\"isPartOf\":{\"@id\":\"https:\\\/\\\/ncpi.org.br\\\/en\\\/#website\"},\"primaryImageOfPage\":{\"@id\":\"https:\\\/\\\/ncpi.org.br\\\/en\\\/publicacao\\\/impacto-das-praticas-de-gestao-a-saude-materno-infantil-na-mortalidade-das-criancas-de-sobral-ceara\\\/#primaryimage\"},\"image\":{\"@id\":\"https:\\\/\\\/ncpi.org.br\\\/en\\\/publicacao\\\/impacto-das-praticas-de-gestao-a-saude-materno-infantil-na-mortalidade-das-criancas-de-sobral-ceara\\\/#primaryimage\"},\"thumbnailUrl\":\"https:\\\/\\\/ncpi.org.br\\\/wp-content\\\/uploads\\\/2024\\\/08\\\/destaque-impacto-das-praticas-de-gestao-a-saude-materno-infantil-na-mortalidade-das-criancas-de-sobral-ceara.png\",\"datePublished\":\"2023-05-28T14:15:00+00:00\",\"dateModified\":\"2025-01-09T19:02:56+00:00\",\"description\":\"As taxas de mortalidade infantil cae quando h\u00e1 boas pr\u00e1ticas de gest\u00e3o da sa\u00fade materno-infantil atreladas a visita\u00e7\u00e3o domiciliar.\",\"breadcrumb\":{\"@id\":\"https:\\\/\\\/ncpi.org.br\\\/en\\\/publicacao\\\/impacto-das-praticas-de-gestao-a-saude-materno-infantil-na-mortalidade-das-criancas-de-sobral-ceara\\\/#breadcrumb\"},\"inLanguage\":\"en-US\",\"potentialAction\":[{\"@type\":\"ReadAction\",\"target\":[\"https:\\\/\\\/ncpi.org.br\\\/en\\\/publicacao\\\/impacto-das-praticas-de-gestao-a-saude-materno-infantil-na-mortalidade-das-criancas-de-sobral-ceara\\\/\"]}]},{\"@type\":\"ImageObject\",\"inLanguage\":\"en-US\",\"@id\":\"https:\\\/\\\/ncpi.org.br\\\/en\\\/publicacao\\\/impacto-das-praticas-de-gestao-a-saude-materno-infantil-na-mortalidade-das-criancas-de-sobral-ceara\\\/#primaryimage\",\"url\":\"https:\\\/\\\/ncpi.org.br\\\/wp-content\\\/uploads\\\/2024\\\/08\\\/destaque-impacto-das-praticas-de-gestao-a-saude-materno-infantil-na-mortalidade-das-criancas-de-sobral-ceara.png\",\"contentUrl\":\"https:\\\/\\\/ncpi.org.br\\\/wp-content\\\/uploads\\\/2024\\\/08\\\/destaque-impacto-das-praticas-de-gestao-a-saude-materno-infantil-na-mortalidade-das-criancas-de-sobral-ceara.png\",\"width\":528,\"height\":297,\"caption\":\"Imagem reduzida do infogr\u00e1fico \\\"Impacto das pr\u00e1ticas de gest\u00e3o \u00e0 sa\u00fade materno-infantil na mortalidade das crian\u00e7as de Sobral (Cear\u00e1)\\\"\"},{\"@type\":\"BreadcrumbList\",\"@id\":\"https:\\\/\\\/ncpi.org.br\\\/en\\\/publicacao\\\/impacto-das-praticas-de-gestao-a-saude-materno-infantil-na-mortalidade-das-criancas-de-sobral-ceara\\\/#breadcrumb\",\"itemListElement\":[{\"@type\":\"ListItem\",\"position\":1,\"name\":\"Home\",\"item\":\"https:\\\/\\\/ncpi.org.br\\\/en\\\/\"},{\"@type\":\"ListItem\",\"position\":2,\"name\":\"Impacto das pr\u00e1ticas de gest\u00e3o \u00e0 sa\u00fade materno-infantil na mortalidade das crian\u00e7as de Sobral (Cear\u00e1)\"}]},{\"@type\":\"WebSite\",\"@id\":\"https:\\\/\\\/ncpi.org.br\\\/en\\\/#website\",\"url\":\"https:\\\/\\\/ncpi.org.br\\\/en\\\/\",\"name\":\"NCPI\",\"description\":\"Ci\u00eancia a servi\u00e7o da qualifica\u00e7\u00e3o de pol\u00edticas p\u00fablicas para as primeiras inf\u00e2ncias brasileiras\",\"publisher\":{\"@id\":\"https:\\\/\\\/ncpi.org.br\\\/en\\\/#organization\"},\"alternateName\":\"N\u00facleo Ci\u00eancia Pela Inf\u00e2ncia\",\"potentialAction\":[{\"@type\":\"SearchAction\",\"target\":{\"@type\":\"EntryPoint\",\"urlTemplate\":\"https:\\\/\\\/ncpi.org.br\\\/en\\\/?s={search_term_string}\"},\"query-input\":{\"@type\":\"PropertyValueSpecification\",\"valueRequired\":true,\"valueName\":\"search_term_string\"}}],\"inLanguage\":\"en-US\"},{\"@type\":\"Organization\",\"@id\":\"https:\\\/\\\/ncpi.org.br\\\/en\\\/#organization\",\"name\":\"N\u00facleo Ci\u00eancia Pela Inf\u00e2ncia\",\"alternateName\":\"NCPI\",\"url\":\"https:\\\/\\\/ncpi.org.br\\\/en\\\/\",\"logo\":{\"@type\":\"ImageObject\",\"inLanguage\":\"en-US\",\"@id\":\"https:\\\/\\\/ncpi.org.br\\\/en\\\/#\\\/schema\\\/logo\\\/image\\\/\",\"url\":\"https:\\\/\\\/ncpi.org.br\\\/wp-content\\\/uploads\\\/2024\\\/07\\\/cropped-favicon.png\",\"contentUrl\":\"https:\\\/\\\/ncpi.org.br\\\/wp-content\\\/uploads\\\/2024\\\/07\\\/cropped-favicon.png\",\"width\":512,\"height\":512,\"caption\":\"N\u00facleo Ci\u00eancia Pela Inf\u00e2ncia\"},\"image\":{\"@id\":\"https:\\\/\\\/ncpi.org.br\\\/en\\\/#\\\/schema\\\/logo\\\/image\\\/\"},\"sameAs\":[\"https:\\\/\\\/www.facebook.com\\\/nucleocienciapelainfancia\\\/\",\"https:\\\/\\\/www.linkedin.com\\\/company\\\/nucleocienciapelainfancia\",\"https:\\\/\\\/www.youtube.com\\\/nucleocienciapelainfancia\",\"https:\\\/\\\/www.instagram.com\\\/nucleocienciapelainfancia\\\/\"]}]}<\/script>\n<!-- \/ Yoast SEO plugin. -->","yoast_head_json":{"title":"Impacto das pr\u00e1ticas de gest\u00e3o \u00e0 sa\u00fade materno-infantil na mortalidade das crian\u00e7as de Sobral (Cear\u00e1) | NCPI","description":"As taxas de mortalidade infantil cae quando h\u00e1 boas pr\u00e1ticas de gest\u00e3o da sa\u00fade materno-infantil atreladas a visita\u00e7\u00e3o domiciliar.","robots":{"index":"index","follow":"follow","max-snippet":"max-snippet:-1","max-image-preview":"max-image-preview:large","max-video-preview":"max-video-preview:-1"},"canonical":"https:\/\/ncpi.org.br\/en\/publicacao\/impacto-das-praticas-de-gestao-a-saude-materno-infantil-na-mortalidade-das-criancas-de-sobral-ceara\/","og_locale":"en_US","og_type":"article","og_title":"Impacto das pr\u00e1ticas de gest\u00e3o \u00e0 sa\u00fade materno-infantil na mortalidade das crian\u00e7as de Sobral (Cear\u00e1) | NCPI","og_description":"As taxas de mortalidade infantil cae quando h\u00e1 boas pr\u00e1ticas de gest\u00e3o da sa\u00fade materno-infantil atreladas a visita\u00e7\u00e3o domiciliar.","og_url":"https:\/\/ncpi.org.br\/en\/publicacao\/impacto-das-praticas-de-gestao-a-saude-materno-infantil-na-mortalidade-das-criancas-de-sobral-ceara\/","og_site_name":"NCPI","article_publisher":"https:\/\/www.facebook.com\/nucleocienciapelainfancia\/","article_modified_time":"2025-01-09T19:02:56+00:00","og_image":[{"width":528,"height":297,"url":"https:\/\/ncpi.org.br\/wp-content\/uploads\/2024\/08\/destaque-impacto-das-praticas-de-gestao-a-saude-materno-infantil-na-mortalidade-das-criancas-de-sobral-ceara.png","type":"image\/png"}],"twitter_card":"summary_large_image","twitter_misc":{"Est. reading time":"1 minute"},"schema":{"@context":"https:\/\/schema.org","@graph":[{"@type":"WebPage","@id":"https:\/\/ncpi.org.br\/en\/publicacao\/impacto-das-praticas-de-gestao-a-saude-materno-infantil-na-mortalidade-das-criancas-de-sobral-ceara\/","url":"https:\/\/ncpi.org.br\/en\/publicacao\/impacto-das-praticas-de-gestao-a-saude-materno-infantil-na-mortalidade-das-criancas-de-sobral-ceara\/","name":"Impacto das pr\u00e1ticas de gest\u00e3o \u00e0 sa\u00fade materno-infantil na mortalidade das crian\u00e7as de Sobral (Cear\u00e1) | NCPI","isPartOf":{"@id":"https:\/\/ncpi.org.br\/en\/#website"},"primaryImageOfPage":{"@id":"https:\/\/ncpi.org.br\/en\/publicacao\/impacto-das-praticas-de-gestao-a-saude-materno-infantil-na-mortalidade-das-criancas-de-sobral-ceara\/#primaryimage"},"image":{"@id":"https:\/\/ncpi.org.br\/en\/publicacao\/impacto-das-praticas-de-gestao-a-saude-materno-infantil-na-mortalidade-das-criancas-de-sobral-ceara\/#primaryimage"},"thumbnailUrl":"https:\/\/ncpi.org.br\/wp-content\/uploads\/2024\/08\/destaque-impacto-das-praticas-de-gestao-a-saude-materno-infantil-na-mortalidade-das-criancas-de-sobral-ceara.png","datePublished":"2023-05-28T14:15:00+00:00","dateModified":"2025-01-09T19:02:56+00:00","description":"As taxas de mortalidade infantil cae quando h\u00e1 boas pr\u00e1ticas de gest\u00e3o da sa\u00fade materno-infantil atreladas a visita\u00e7\u00e3o domiciliar.","breadcrumb":{"@id":"https:\/\/ncpi.org.br\/en\/publicacao\/impacto-das-praticas-de-gestao-a-saude-materno-infantil-na-mortalidade-das-criancas-de-sobral-ceara\/#breadcrumb"},"inLanguage":"en-US","potentialAction":[{"@type":"ReadAction","target":["https:\/\/ncpi.org.br\/en\/publicacao\/impacto-das-praticas-de-gestao-a-saude-materno-infantil-na-mortalidade-das-criancas-de-sobral-ceara\/"]}]},{"@type":"ImageObject","inLanguage":"en-US","@id":"https:\/\/ncpi.org.br\/en\/publicacao\/impacto-das-praticas-de-gestao-a-saude-materno-infantil-na-mortalidade-das-criancas-de-sobral-ceara\/#primaryimage","url":"https:\/\/ncpi.org.br\/wp-content\/uploads\/2024\/08\/destaque-impacto-das-praticas-de-gestao-a-saude-materno-infantil-na-mortalidade-das-criancas-de-sobral-ceara.png","contentUrl":"https:\/\/ncpi.org.br\/wp-content\/uploads\/2024\/08\/destaque-impacto-das-praticas-de-gestao-a-saude-materno-infantil-na-mortalidade-das-criancas-de-sobral-ceara.png","width":528,"height":297,"caption":"Imagem reduzida do infogr\u00e1fico \"Impacto das pr\u00e1ticas de gest\u00e3o \u00e0 sa\u00fade materno-infantil na mortalidade das crian\u00e7as de Sobral (Cear\u00e1)\""},{"@type":"BreadcrumbList","@id":"https:\/\/ncpi.org.br\/en\/publicacao\/impacto-das-praticas-de-gestao-a-saude-materno-infantil-na-mortalidade-das-criancas-de-sobral-ceara\/#breadcrumb","itemListElement":[{"@type":"ListItem","position":1,"name":"Home","item":"https:\/\/ncpi.org.br\/en\/"},{"@type":"ListItem","position":2,"name":"Impacto das pr\u00e1ticas de gest\u00e3o \u00e0 sa\u00fade materno-infantil na mortalidade das crian\u00e7as de Sobral (Cear\u00e1)"}]},{"@type":"WebSite","@id":"https:\/\/ncpi.org.br\/en\/#website","url":"https:\/\/ncpi.org.br\/en\/","name":"NCPI","description":"Ci\u00eancia a servi\u00e7o da qualifica\u00e7\u00e3o de pol\u00edticas p\u00fablicas para as primeiras inf\u00e2ncias brasileiras","publisher":{"@id":"https:\/\/ncpi.org.br\/en\/#organization"},"alternateName":"N\u00facleo Ci\u00eancia Pela Inf\u00e2ncia","potentialAction":[{"@type":"SearchAction","target":{"@type":"EntryPoint","urlTemplate":"https:\/\/ncpi.org.br\/en\/?s={search_term_string}"},"query-input":{"@type":"PropertyValueSpecification","valueRequired":true,"valueName":"search_term_string"}}],"inLanguage":"en-US"},{"@type":"Organization","@id":"https:\/\/ncpi.org.br\/en\/#organization","name":"N\u00facleo Ci\u00eancia Pela Inf\u00e2ncia","alternateName":"NCPI","url":"https:\/\/ncpi.org.br\/en\/","logo":{"@type":"ImageObject","inLanguage":"en-US","@id":"https:\/\/ncpi.org.br\/en\/#\/schema\/logo\/image\/","url":"https:\/\/ncpi.org.br\/wp-content\/uploads\/2024\/07\/cropped-favicon.png","contentUrl":"https:\/\/ncpi.org.br\/wp-content\/uploads\/2024\/07\/cropped-favicon.png","width":512,"height":512,"caption":"N\u00facleo Ci\u00eancia Pela Inf\u00e2ncia"},"image":{"@id":"https:\/\/ncpi.org.br\/en\/#\/schema\/logo\/image\/"},"sameAs":["https:\/\/www.facebook.com\/nucleocienciapelainfancia\/","https:\/\/www.linkedin.com\/company\/nucleocienciapelainfancia","https:\/\/www.youtube.com\/nucleocienciapelainfancia","https:\/\/www.instagram.com\/nucleocienciapelainfancia\/"]}]}},"_links":{"self":[{"href":"https:\/\/ncpi.org.br\/en\/wp-json\/wp\/v2\/publicacao\/267","targetHints":{"allow":["GET"]}}],"collection":[{"href":"https:\/\/ncpi.org.br\/en\/wp-json\/wp\/v2\/publicacao"}],"about":[{"href":"https:\/\/ncpi.org.br\/en\/wp-json\/wp\/v2\/types\/publicacao"}],"version-history":[{"count":0,"href":"https:\/\/ncpi.org.br\/en\/wp-json\/wp\/v2\/publicacao\/267\/revisions"}],"wp:featuredmedia":[{"embeddable":true,"href":"https:\/\/ncpi.org.br\/en\/wp-json\/wp\/v2\/media\/508"}],"wp:attachment":[{"href":"https:\/\/ncpi.org.br\/en\/wp-json\/wp\/v2\/media?parent=267"}],"wp:term":[{"taxonomy":"post_tag","embeddable":true,"href":"https:\/\/ncpi.org.br\/en\/wp-json\/wp\/v2\/tags?post=267"},{"taxonomy":"formato","embeddable":true,"href":"https:\/\/ncpi.org.br\/en\/wp-json\/wp\/v2\/formato?post=267"},{"taxonomy":"procedencia","embeddable":true,"href":"https:\/\/ncpi.org.br\/en\/wp-json\/wp\/v2\/procedencia?post=267"},{"taxonomy":"tema","embeddable":true,"href":"https:\/\/ncpi.org.br\/en\/wp-json\/wp\/v2\/tema?post=267"}],"curies":[{"name":"wp","href":"https:\/\/api.w.org\/{rel}","templated":true}]}}