{"id":282,"date":"2023-06-03T11:27:00","date_gmt":"2023-06-03T14:27:00","guid":{"rendered":"https:\/\/ncpi.org.br\/?post_type=publicacao&#038;p=282"},"modified":"2025-01-09T16:01:03","modified_gmt":"2025-01-09T19:01:03","slug":"a-importancia-do-equilibrio-entre-atividade-fisica-tempo-sedentario-e-sono-para-o-desenvolvimento-infantil-projeto-movements-cool","status":"publish","type":"publicacao","link":"https:\/\/ncpi.org.br\/en\/publicacao\/a-importancia-do-equilibrio-entre-atividade-fisica-tempo-sedentario-e-sono-para-o-desenvolvimento-infantil-projeto-movements-cool\/","title":{"rendered":"A import\u00e2ncia do equil\u00edbrio entre atividade f\u00edsica, tempo sedent\u00e1rio e sono para o desenvolvimento infantil \u2013 Projeto Movement\u2019s Cool"},"content":{"rendered":"\n<p>Finalista da primeira edi\u00e7\u00e3o do Pr\u00eamio Ci\u00eancia pela Primeira Inf\u00e2ncia, este estudo conduzido pela pesquisadora Clarice Martins avaliou o tempo em atividade f\u00edsica, comportamento sedent\u00e1rio e sono de crian\u00e7as pr\u00e9-escolares residentes em \u00e1reas de vulnerabilidade social de Jo\u00e3o Pessoa, buscando compreender como esses comportamentos se associam com habilidades cognitivas, motoras, comportamentais e emocionais delas.<\/p>\n","protected":false},"excerpt":{"rendered":"<p>Finalista da primeira edi\u00e7\u00e3o do Pr\u00eamio Ci\u00eancia pela Primeira Inf\u00e2ncia, este estudo conduzido pela pesquisadora Clarice Martins avaliou o tempo em atividade f\u00edsica, comportamento sedent\u00e1rio e sono de crian\u00e7as pr\u00e9-escolares residentes em \u00e1reas de vulnerabilidade social de Jo\u00e3o Pessoa, buscando compreender como esses comportamentos se associam com habilidades cognitivas, motoras, comportamentais e emocionais delas.<\/p>\n","protected":false},"featured_media":505,"template":"","format":"standard","meta":{"_acf_changed":false,"footnotes":""},"tags":[123,122,23,35,124],"formato":[17],"procedencia":[4],"tema":[9,13],"class_list":["post-282","publicacao","type-publicacao","status-publish","format-standard","has-post-thumbnail","hentry","tag-atividade-fisica","tag-desenvolvimento-de-habilidades","tag-primeira-infancia","tag-saude-infantil","tag-vulnerabilidade-social","formato-infografico","procedencia-premio-ciencia-pela-primeira-infancia","tema-desenvolvimento-infantil","tema-saude-e-cuidados-infantis"],"acf":[],"yoast_head":"<!-- This site is optimized with the Yoast SEO plugin v27.5 - https:\/\/yoast.com\/product\/yoast-seo-wordpress\/ -->\n<title>A import\u00e2ncia do equil\u00edbrio entre atividade f\u00edsica, tempo sedent\u00e1rio e sono para o desenvolvimento infantil \u2013 Projeto Movement\u2019s Cool | NCPI<\/title>\n<meta name=\"description\" content=\"Pesquisa mostra como equil\u00edbrio de atividade f\u00edsica para crian\u00e7as com tempo de descanso e sono pode impulsionar o desenvolvimento infantil.\" \/>\n<meta name=\"robots\" content=\"index, follow, max-snippet:-1, max-image-preview:large, max-video-preview:-1\" \/>\n<link rel=\"canonical\" href=\"https:\/\/ncpi.org.br\/en\/publicacao\/a-importancia-do-equilibrio-entre-atividade-fisica-tempo-sedentario-e-sono-para-o-desenvolvimento-infantil-projeto-movements-cool\/\" \/>\n<meta property=\"og:locale\" content=\"en_US\" \/>\n<meta property=\"og:type\" content=\"article\" \/>\n<meta property=\"og:title\" content=\"A import\u00e2ncia do equil\u00edbrio entre atividade f\u00edsica, tempo sedent\u00e1rio e sono para o desenvolvimento infantil \u2013 Projeto Movement\u2019s Cool | NCPI\" \/>\n<meta property=\"og:description\" content=\"Pesquisa mostra como equil\u00edbrio de atividade f\u00edsica para crian\u00e7as com tempo de descanso e sono pode impulsionar o desenvolvimento infantil.\" \/>\n<meta property=\"og:url\" content=\"https:\/\/ncpi.org.br\/en\/publicacao\/a-importancia-do-equilibrio-entre-atividade-fisica-tempo-sedentario-e-sono-para-o-desenvolvimento-infantil-projeto-movements-cool\/\" \/>\n<meta property=\"og:site_name\" content=\"NCPI\" \/>\n<meta property=\"article:publisher\" content=\"https:\/\/www.facebook.com\/nucleocienciapelainfancia\/\" \/>\n<meta property=\"article:modified_time\" content=\"2025-01-09T19:01:03+00:00\" \/>\n<meta property=\"og:image\" content=\"https:\/\/ncpi.org.br\/wp-content\/uploads\/2024\/08\/destaque-a-importancia-do-equilibrio-entre-atividade-fisica-tempo-sedentario-e-sono-para-o-desenvolvimento-infantilpdf.png\" \/>\n\t<meta property=\"og:image:width\" content=\"528\" \/>\n\t<meta property=\"og:image:height\" content=\"297\" \/>\n\t<meta property=\"og:image:type\" content=\"image\/png\" \/>\n<meta name=\"twitter:card\" content=\"summary_large_image\" \/>\n<meta name=\"twitter:label1\" content=\"Est. reading time\" \/>\n\t<meta name=\"twitter:data1\" content=\"1 minute\" \/>\n<script type=\"application\/ld+json\" class=\"yoast-schema-graph\">{\"@context\":\"https:\\\/\\\/schema.org\",\"@graph\":[{\"@type\":\"WebPage\",\"@id\":\"https:\\\/\\\/ncpi.org.br\\\/en\\\/publicacao\\\/a-importancia-do-equilibrio-entre-atividade-fisica-tempo-sedentario-e-sono-para-o-desenvolvimento-infantil-projeto-movements-cool\\\/\",\"url\":\"https:\\\/\\\/ncpi.org.br\\\/en\\\/publicacao\\\/a-importancia-do-equilibrio-entre-atividade-fisica-tempo-sedentario-e-sono-para-o-desenvolvimento-infantil-projeto-movements-cool\\\/\",\"name\":\"A import\u00e2ncia do equil\u00edbrio entre atividade f\u00edsica, tempo sedent\u00e1rio e sono para o desenvolvimento infantil \u2013 Projeto Movement\u2019s Cool | NCPI\",\"isPartOf\":{\"@id\":\"https:\\\/\\\/ncpi.org.br\\\/en\\\/#website\"},\"primaryImageOfPage\":{\"@id\":\"https:\\\/\\\/ncpi.org.br\\\/en\\\/publicacao\\\/a-importancia-do-equilibrio-entre-atividade-fisica-tempo-sedentario-e-sono-para-o-desenvolvimento-infantil-projeto-movements-cool\\\/#primaryimage\"},\"image\":{\"@id\":\"https:\\\/\\\/ncpi.org.br\\\/en\\\/publicacao\\\/a-importancia-do-equilibrio-entre-atividade-fisica-tempo-sedentario-e-sono-para-o-desenvolvimento-infantil-projeto-movements-cool\\\/#primaryimage\"},\"thumbnailUrl\":\"https:\\\/\\\/ncpi.org.br\\\/wp-content\\\/uploads\\\/2024\\\/08\\\/destaque-a-importancia-do-equilibrio-entre-atividade-fisica-tempo-sedentario-e-sono-para-o-desenvolvimento-infantilpdf.png\",\"datePublished\":\"2023-06-03T14:27:00+00:00\",\"dateModified\":\"2025-01-09T19:01:03+00:00\",\"description\":\"Pesquisa mostra como equil\u00edbrio de atividade f\u00edsica para crian\u00e7as com tempo de descanso e sono pode impulsionar o desenvolvimento infantil.\",\"breadcrumb\":{\"@id\":\"https:\\\/\\\/ncpi.org.br\\\/en\\\/publicacao\\\/a-importancia-do-equilibrio-entre-atividade-fisica-tempo-sedentario-e-sono-para-o-desenvolvimento-infantil-projeto-movements-cool\\\/#breadcrumb\"},\"inLanguage\":\"en-US\",\"potentialAction\":[{\"@type\":\"ReadAction\",\"target\":[\"https:\\\/\\\/ncpi.org.br\\\/en\\\/publicacao\\\/a-importancia-do-equilibrio-entre-atividade-fisica-tempo-sedentario-e-sono-para-o-desenvolvimento-infantil-projeto-movements-cool\\\/\"]}]},{\"@type\":\"ImageObject\",\"inLanguage\":\"en-US\",\"@id\":\"https:\\\/\\\/ncpi.org.br\\\/en\\\/publicacao\\\/a-importancia-do-equilibrio-entre-atividade-fisica-tempo-sedentario-e-sono-para-o-desenvolvimento-infantil-projeto-movements-cool\\\/#primaryimage\",\"url\":\"https:\\\/\\\/ncpi.org.br\\\/wp-content\\\/uploads\\\/2024\\\/08\\\/destaque-a-importancia-do-equilibrio-entre-atividade-fisica-tempo-sedentario-e-sono-para-o-desenvolvimento-infantilpdf.png\",\"contentUrl\":\"https:\\\/\\\/ncpi.org.br\\\/wp-content\\\/uploads\\\/2024\\\/08\\\/destaque-a-importancia-do-equilibrio-entre-atividade-fisica-tempo-sedentario-e-sono-para-o-desenvolvimento-infantilpdf.png\",\"width\":528,\"height\":297,\"caption\":\"Imagem reduzida do infogr\u00e1fico \\\"A import\u00e2ncia do equil\u00edbrio entre atividade f\u00edsica, tempo sedent\u00e1rio e sono para o desenvolvimento infantil \u2013 Projeto Movement\u2019s Cool\\\"\"},{\"@type\":\"BreadcrumbList\",\"@id\":\"https:\\\/\\\/ncpi.org.br\\\/en\\\/publicacao\\\/a-importancia-do-equilibrio-entre-atividade-fisica-tempo-sedentario-e-sono-para-o-desenvolvimento-infantil-projeto-movements-cool\\\/#breadcrumb\",\"itemListElement\":[{\"@type\":\"ListItem\",\"position\":1,\"name\":\"Home\",\"item\":\"https:\\\/\\\/ncpi.org.br\\\/en\\\/\"},{\"@type\":\"ListItem\",\"position\":2,\"name\":\"A import\u00e2ncia do equil\u00edbrio entre atividade f\u00edsica, tempo sedent\u00e1rio e sono para o desenvolvimento infantil \u2013 Projeto Movement\u2019s Cool\"}]},{\"@type\":\"WebSite\",\"@id\":\"https:\\\/\\\/ncpi.org.br\\\/en\\\/#website\",\"url\":\"https:\\\/\\\/ncpi.org.br\\\/en\\\/\",\"name\":\"NCPI\",\"description\":\"Ci\u00eancia a servi\u00e7o da qualifica\u00e7\u00e3o de pol\u00edticas p\u00fablicas para as primeiras inf\u00e2ncias brasileiras\",\"publisher\":{\"@id\":\"https:\\\/\\\/ncpi.org.br\\\/en\\\/#organization\"},\"alternateName\":\"N\u00facleo Ci\u00eancia Pela Inf\u00e2ncia\",\"potentialAction\":[{\"@type\":\"SearchAction\",\"target\":{\"@type\":\"EntryPoint\",\"urlTemplate\":\"https:\\\/\\\/ncpi.org.br\\\/en\\\/?s={search_term_string}\"},\"query-input\":{\"@type\":\"PropertyValueSpecification\",\"valueRequired\":true,\"valueName\":\"search_term_string\"}}],\"inLanguage\":\"en-US\"},{\"@type\":\"Organization\",\"@id\":\"https:\\\/\\\/ncpi.org.br\\\/en\\\/#organization\",\"name\":\"N\u00facleo Ci\u00eancia Pela Inf\u00e2ncia\",\"alternateName\":\"NCPI\",\"url\":\"https:\\\/\\\/ncpi.org.br\\\/en\\\/\",\"logo\":{\"@type\":\"ImageObject\",\"inLanguage\":\"en-US\",\"@id\":\"https:\\\/\\\/ncpi.org.br\\\/en\\\/#\\\/schema\\\/logo\\\/image\\\/\",\"url\":\"https:\\\/\\\/ncpi.org.br\\\/wp-content\\\/uploads\\\/2024\\\/07\\\/cropped-favicon.png\",\"contentUrl\":\"https:\\\/\\\/ncpi.org.br\\\/wp-content\\\/uploads\\\/2024\\\/07\\\/cropped-favicon.png\",\"width\":512,\"height\":512,\"caption\":\"N\u00facleo Ci\u00eancia Pela Inf\u00e2ncia\"},\"image\":{\"@id\":\"https:\\\/\\\/ncpi.org.br\\\/en\\\/#\\\/schema\\\/logo\\\/image\\\/\"},\"sameAs\":[\"https:\\\/\\\/www.facebook.com\\\/nucleocienciapelainfancia\\\/\",\"https:\\\/\\\/www.linkedin.com\\\/company\\\/nucleocienciapelainfancia\",\"https:\\\/\\\/www.youtube.com\\\/nucleocienciapelainfancia\",\"https:\\\/\\\/www.instagram.com\\\/nucleocienciapelainfancia\\\/\"]}]}<\/script>\n<!-- \/ Yoast SEO plugin. -->","yoast_head_json":{"title":"A import\u00e2ncia do equil\u00edbrio entre atividade f\u00edsica, tempo sedent\u00e1rio e sono para o desenvolvimento infantil \u2013 Projeto Movement\u2019s Cool | NCPI","description":"Pesquisa mostra como equil\u00edbrio de atividade f\u00edsica para crian\u00e7as com tempo de descanso e sono pode impulsionar o desenvolvimento infantil.","robots":{"index":"index","follow":"follow","max-snippet":"max-snippet:-1","max-image-preview":"max-image-preview:large","max-video-preview":"max-video-preview:-1"},"canonical":"https:\/\/ncpi.org.br\/en\/publicacao\/a-importancia-do-equilibrio-entre-atividade-fisica-tempo-sedentario-e-sono-para-o-desenvolvimento-infantil-projeto-movements-cool\/","og_locale":"en_US","og_type":"article","og_title":"A import\u00e2ncia do equil\u00edbrio entre atividade f\u00edsica, tempo sedent\u00e1rio e sono para o desenvolvimento infantil \u2013 Projeto Movement\u2019s Cool | NCPI","og_description":"Pesquisa mostra como equil\u00edbrio de atividade f\u00edsica para crian\u00e7as com tempo de descanso e sono pode impulsionar o desenvolvimento infantil.","og_url":"https:\/\/ncpi.org.br\/en\/publicacao\/a-importancia-do-equilibrio-entre-atividade-fisica-tempo-sedentario-e-sono-para-o-desenvolvimento-infantil-projeto-movements-cool\/","og_site_name":"NCPI","article_publisher":"https:\/\/www.facebook.com\/nucleocienciapelainfancia\/","article_modified_time":"2025-01-09T19:01:03+00:00","og_image":[{"width":528,"height":297,"url":"https:\/\/ncpi.org.br\/wp-content\/uploads\/2024\/08\/destaque-a-importancia-do-equilibrio-entre-atividade-fisica-tempo-sedentario-e-sono-para-o-desenvolvimento-infantilpdf.png","type":"image\/png"}],"twitter_card":"summary_large_image","twitter_misc":{"Est. reading time":"1 minute"},"schema":{"@context":"https:\/\/schema.org","@graph":[{"@type":"WebPage","@id":"https:\/\/ncpi.org.br\/en\/publicacao\/a-importancia-do-equilibrio-entre-atividade-fisica-tempo-sedentario-e-sono-para-o-desenvolvimento-infantil-projeto-movements-cool\/","url":"https:\/\/ncpi.org.br\/en\/publicacao\/a-importancia-do-equilibrio-entre-atividade-fisica-tempo-sedentario-e-sono-para-o-desenvolvimento-infantil-projeto-movements-cool\/","name":"A import\u00e2ncia do equil\u00edbrio entre atividade f\u00edsica, tempo sedent\u00e1rio e sono para o desenvolvimento infantil \u2013 Projeto Movement\u2019s Cool | NCPI","isPartOf":{"@id":"https:\/\/ncpi.org.br\/en\/#website"},"primaryImageOfPage":{"@id":"https:\/\/ncpi.org.br\/en\/publicacao\/a-importancia-do-equilibrio-entre-atividade-fisica-tempo-sedentario-e-sono-para-o-desenvolvimento-infantil-projeto-movements-cool\/#primaryimage"},"image":{"@id":"https:\/\/ncpi.org.br\/en\/publicacao\/a-importancia-do-equilibrio-entre-atividade-fisica-tempo-sedentario-e-sono-para-o-desenvolvimento-infantil-projeto-movements-cool\/#primaryimage"},"thumbnailUrl":"https:\/\/ncpi.org.br\/wp-content\/uploads\/2024\/08\/destaque-a-importancia-do-equilibrio-entre-atividade-fisica-tempo-sedentario-e-sono-para-o-desenvolvimento-infantilpdf.png","datePublished":"2023-06-03T14:27:00+00:00","dateModified":"2025-01-09T19:01:03+00:00","description":"Pesquisa mostra como equil\u00edbrio de atividade f\u00edsica para crian\u00e7as com tempo de descanso e sono pode impulsionar o desenvolvimento infantil.","breadcrumb":{"@id":"https:\/\/ncpi.org.br\/en\/publicacao\/a-importancia-do-equilibrio-entre-atividade-fisica-tempo-sedentario-e-sono-para-o-desenvolvimento-infantil-projeto-movements-cool\/#breadcrumb"},"inLanguage":"en-US","potentialAction":[{"@type":"ReadAction","target":["https:\/\/ncpi.org.br\/en\/publicacao\/a-importancia-do-equilibrio-entre-atividade-fisica-tempo-sedentario-e-sono-para-o-desenvolvimento-infantil-projeto-movements-cool\/"]}]},{"@type":"ImageObject","inLanguage":"en-US","@id":"https:\/\/ncpi.org.br\/en\/publicacao\/a-importancia-do-equilibrio-entre-atividade-fisica-tempo-sedentario-e-sono-para-o-desenvolvimento-infantil-projeto-movements-cool\/#primaryimage","url":"https:\/\/ncpi.org.br\/wp-content\/uploads\/2024\/08\/destaque-a-importancia-do-equilibrio-entre-atividade-fisica-tempo-sedentario-e-sono-para-o-desenvolvimento-infantilpdf.png","contentUrl":"https:\/\/ncpi.org.br\/wp-content\/uploads\/2024\/08\/destaque-a-importancia-do-equilibrio-entre-atividade-fisica-tempo-sedentario-e-sono-para-o-desenvolvimento-infantilpdf.png","width":528,"height":297,"caption":"Imagem reduzida do infogr\u00e1fico \"A import\u00e2ncia do equil\u00edbrio entre atividade f\u00edsica, tempo sedent\u00e1rio e sono para o desenvolvimento infantil \u2013 Projeto Movement\u2019s Cool\""},{"@type":"BreadcrumbList","@id":"https:\/\/ncpi.org.br\/en\/publicacao\/a-importancia-do-equilibrio-entre-atividade-fisica-tempo-sedentario-e-sono-para-o-desenvolvimento-infantil-projeto-movements-cool\/#breadcrumb","itemListElement":[{"@type":"ListItem","position":1,"name":"Home","item":"https:\/\/ncpi.org.br\/en\/"},{"@type":"ListItem","position":2,"name":"A import\u00e2ncia do equil\u00edbrio entre atividade f\u00edsica, tempo sedent\u00e1rio e sono para o desenvolvimento infantil \u2013 Projeto Movement\u2019s Cool"}]},{"@type":"WebSite","@id":"https:\/\/ncpi.org.br\/en\/#website","url":"https:\/\/ncpi.org.br\/en\/","name":"NCPI","description":"Ci\u00eancia a servi\u00e7o da qualifica\u00e7\u00e3o de pol\u00edticas p\u00fablicas para as primeiras inf\u00e2ncias brasileiras","publisher":{"@id":"https:\/\/ncpi.org.br\/en\/#organization"},"alternateName":"N\u00facleo Ci\u00eancia Pela Inf\u00e2ncia","potentialAction":[{"@type":"SearchAction","target":{"@type":"EntryPoint","urlTemplate":"https:\/\/ncpi.org.br\/en\/?s={search_term_string}"},"query-input":{"@type":"PropertyValueSpecification","valueRequired":true,"valueName":"search_term_string"}}],"inLanguage":"en-US"},{"@type":"Organization","@id":"https:\/\/ncpi.org.br\/en\/#organization","name":"N\u00facleo Ci\u00eancia Pela Inf\u00e2ncia","alternateName":"NCPI","url":"https:\/\/ncpi.org.br\/en\/","logo":{"@type":"ImageObject","inLanguage":"en-US","@id":"https:\/\/ncpi.org.br\/en\/#\/schema\/logo\/image\/","url":"https:\/\/ncpi.org.br\/wp-content\/uploads\/2024\/07\/cropped-favicon.png","contentUrl":"https:\/\/ncpi.org.br\/wp-content\/uploads\/2024\/07\/cropped-favicon.png","width":512,"height":512,"caption":"N\u00facleo Ci\u00eancia Pela Inf\u00e2ncia"},"image":{"@id":"https:\/\/ncpi.org.br\/en\/#\/schema\/logo\/image\/"},"sameAs":["https:\/\/www.facebook.com\/nucleocienciapelainfancia\/","https:\/\/www.linkedin.com\/company\/nucleocienciapelainfancia","https:\/\/www.youtube.com\/nucleocienciapelainfancia","https:\/\/www.instagram.com\/nucleocienciapelainfancia\/"]}]}},"_links":{"self":[{"href":"https:\/\/ncpi.org.br\/en\/wp-json\/wp\/v2\/publicacao\/282","targetHints":{"allow":["GET"]}}],"collection":[{"href":"https:\/\/ncpi.org.br\/en\/wp-json\/wp\/v2\/publicacao"}],"about":[{"href":"https:\/\/ncpi.org.br\/en\/wp-json\/wp\/v2\/types\/publicacao"}],"version-history":[{"count":0,"href":"https:\/\/ncpi.org.br\/en\/wp-json\/wp\/v2\/publicacao\/282\/revisions"}],"wp:featuredmedia":[{"embeddable":true,"href":"https:\/\/ncpi.org.br\/en\/wp-json\/wp\/v2\/media\/505"}],"wp:attachment":[{"href":"https:\/\/ncpi.org.br\/en\/wp-json\/wp\/v2\/media?parent=282"}],"wp:term":[{"taxonomy":"post_tag","embeddable":true,"href":"https:\/\/ncpi.org.br\/en\/wp-json\/wp\/v2\/tags?post=282"},{"taxonomy":"formato","embeddable":true,"href":"https:\/\/ncpi.org.br\/en\/wp-json\/wp\/v2\/formato?post=282"},{"taxonomy":"procedencia","embeddable":true,"href":"https:\/\/ncpi.org.br\/en\/wp-json\/wp\/v2\/procedencia?post=282"},{"taxonomy":"tema","embeddable":true,"href":"https:\/\/ncpi.org.br\/en\/wp-json\/wp\/v2\/tema?post=282"}],"curies":[{"name":"wp","href":"https:\/\/api.w.org\/{rel}","templated":true}]}}