{"id":310,"date":"2022-07-23T13:49:00","date_gmt":"2022-07-23T16:49:00","guid":{"rendered":"https:\/\/ncpi.org.br\/?post_type=publicacao&#038;p=310"},"modified":"2025-01-09T16:26:43","modified_gmt":"2025-01-09T19:26:43","slug":"5-fatos-sobre-a-saude-que-frequentemente-sao-entendidos-de-forma-equivocada","status":"publish","type":"publicacao","link":"https:\/\/ncpi.org.br\/en\/publicacao\/5-fatos-sobre-a-saude-que-frequentemente-sao-entendidos-de-forma-equivocada\/","title":{"rendered":"5 fatos sobre a sa\u00fade que frequentemente s\u00e3o entendidos de forma equivocada"},"content":{"rendered":"\n<p>Produzido pelo <em><a href=\"https:\/\/developingchild.harvard.edu\/\">Center on the Developing Child<\/a><\/em> da Universidade Harvard, este documento explica como as intera\u00e7\u00f5es entre genes, experi\u00eancias, idade e ambientes influenciam todos os sistemas biol\u00f3gicos do corpo, com efeitos especialmente significativos nos primeiros anos de vida.<\/p>\n\n\n\n<p>O conte\u00fado destaca, ainda, a necessidade de a gest\u00e3o p\u00fablica priorizar o investimento multissetorial com foco na primeira inf\u00e2ncia para reduzir os efeitos das adversidades no desenvolvimento do c\u00e9rebro e fortalecer a sa\u00fade ao longo da vida.<\/p>\n\n\n\n<p> Este material foi proposto a partir do estudo \u201cConectando o c\u00e9rebro ao restante do corpo: o desenvolvimento na primeira inf\u00e2ncia e a sa\u00fade ao longo da vida est\u00e3o profundamente interligados\u201d, tamb\u00e9m dispon\u00edvel no site do NCPI.<\/p>\n","protected":false},"excerpt":{"rendered":"<p>Produzido pelo Center on the Developing Child da Universidade Harvard, este documento explica como as intera\u00e7\u00f5es entre genes, experi\u00eancias, idade e ambientes influenciam todos os sistemas biol\u00f3gicos do corpo, com efeitos especialmente significativos nos primeiros anos de vida. O conte\u00fado destaca, ainda, a necessidade de a gest\u00e3o p\u00fablica priorizar o investimento multissetorial com foco na&#8230;<\/p>\n","protected":false},"featured_media":533,"template":"","format":"standard","meta":{"_acf_changed":false,"footnotes":""},"tags":[20,104,28,35],"formato":[16],"procedencia":[7],"tema":[13],"class_list":["post-310","publicacao","type-publicacao","status-publish","format-standard","has-post-thumbnail","hentry","tag-desenvolvimento-infantil","tag-epigenetica","tag-politicas-publicas","tag-saude-infantil","formato-texto","procedencia-center-on-the-developing-child-de-harvard","tema-saude-e-cuidados-infantis"],"acf":[],"yoast_head":"<!-- This site is optimized with the Yoast SEO plugin v27.5 - https:\/\/yoast.com\/product\/yoast-seo-wordpress\/ -->\n<title>5 fatos sobre a sa\u00fade que frequentemente s\u00e3o entendidos de forma equivocada | NCPI<\/title>\n<meta name=\"description\" content=\"Entenda como a intera\u00e7\u00f5es entre genes, experi\u00eancias, idade e ambientes influenciam o desenvolvimento e a sa\u00fade infantil.\" \/>\n<meta name=\"robots\" content=\"index, follow, max-snippet:-1, max-image-preview:large, max-video-preview:-1\" \/>\n<link rel=\"canonical\" href=\"https:\/\/ncpi.org.br\/en\/publicacao\/5-fatos-sobre-a-saude-que-frequentemente-sao-entendidos-de-forma-equivocada\/\" \/>\n<meta property=\"og:locale\" content=\"en_US\" \/>\n<meta property=\"og:type\" content=\"article\" \/>\n<meta property=\"og:title\" content=\"5 fatos sobre a sa\u00fade que frequentemente s\u00e3o entendidos de forma equivocada | NCPI\" \/>\n<meta property=\"og:description\" content=\"Entenda como a intera\u00e7\u00f5es entre genes, experi\u00eancias, idade e ambientes influenciam o desenvolvimento e a sa\u00fade infantil.\" \/>\n<meta property=\"og:url\" content=\"https:\/\/ncpi.org.br\/en\/publicacao\/5-fatos-sobre-a-saude-que-frequentemente-sao-entendidos-de-forma-equivocada\/\" \/>\n<meta property=\"og:site_name\" content=\"NCPI\" \/>\n<meta property=\"article:publisher\" content=\"https:\/\/www.facebook.com\/nucleocienciapelainfancia\/\" \/>\n<meta property=\"article:modified_time\" content=\"2025-01-09T19:26:43+00:00\" \/>\n<meta property=\"og:image\" content=\"https:\/\/ncpi.org.br\/wp-content\/uploads\/2024\/08\/destaque-5-fatos-sobre-a-saude-que-frequentemente-sao-entendidos-de-forma-equivocada.png\" \/>\n\t<meta property=\"og:image:width\" content=\"528\" \/>\n\t<meta property=\"og:image:height\" content=\"297\" \/>\n\t<meta property=\"og:image:type\" content=\"image\/png\" \/>\n<meta name=\"twitter:card\" content=\"summary_large_image\" \/>\n<meta name=\"twitter:label1\" content=\"Est. reading time\" \/>\n\t<meta name=\"twitter:data1\" content=\"1 minute\" \/>\n<script type=\"application\/ld+json\" class=\"yoast-schema-graph\">{\"@context\":\"https:\\\/\\\/schema.org\",\"@graph\":[{\"@type\":\"WebPage\",\"@id\":\"https:\\\/\\\/ncpi.org.br\\\/en\\\/publicacao\\\/5-fatos-sobre-a-saude-que-frequentemente-sao-entendidos-de-forma-equivocada\\\/\",\"url\":\"https:\\\/\\\/ncpi.org.br\\\/en\\\/publicacao\\\/5-fatos-sobre-a-saude-que-frequentemente-sao-entendidos-de-forma-equivocada\\\/\",\"name\":\"5 fatos sobre a sa\u00fade que frequentemente s\u00e3o entendidos de forma equivocada | NCPI\",\"isPartOf\":{\"@id\":\"https:\\\/\\\/ncpi.org.br\\\/en\\\/#website\"},\"primaryImageOfPage\":{\"@id\":\"https:\\\/\\\/ncpi.org.br\\\/en\\\/publicacao\\\/5-fatos-sobre-a-saude-que-frequentemente-sao-entendidos-de-forma-equivocada\\\/#primaryimage\"},\"image\":{\"@id\":\"https:\\\/\\\/ncpi.org.br\\\/en\\\/publicacao\\\/5-fatos-sobre-a-saude-que-frequentemente-sao-entendidos-de-forma-equivocada\\\/#primaryimage\"},\"thumbnailUrl\":\"https:\\\/\\\/ncpi.org.br\\\/wp-content\\\/uploads\\\/2024\\\/08\\\/destaque-5-fatos-sobre-a-saude-que-frequentemente-sao-entendidos-de-forma-equivocada.png\",\"datePublished\":\"2022-07-23T16:49:00+00:00\",\"dateModified\":\"2025-01-09T19:26:43+00:00\",\"description\":\"Entenda como a intera\u00e7\u00f5es entre genes, experi\u00eancias, idade e ambientes influenciam o desenvolvimento e a sa\u00fade infantil.\",\"breadcrumb\":{\"@id\":\"https:\\\/\\\/ncpi.org.br\\\/en\\\/publicacao\\\/5-fatos-sobre-a-saude-que-frequentemente-sao-entendidos-de-forma-equivocada\\\/#breadcrumb\"},\"inLanguage\":\"en-US\",\"potentialAction\":[{\"@type\":\"ReadAction\",\"target\":[\"https:\\\/\\\/ncpi.org.br\\\/en\\\/publicacao\\\/5-fatos-sobre-a-saude-que-frequentemente-sao-entendidos-de-forma-equivocada\\\/\"]}]},{\"@type\":\"ImageObject\",\"inLanguage\":\"en-US\",\"@id\":\"https:\\\/\\\/ncpi.org.br\\\/en\\\/publicacao\\\/5-fatos-sobre-a-saude-que-frequentemente-sao-entendidos-de-forma-equivocada\\\/#primaryimage\",\"url\":\"https:\\\/\\\/ncpi.org.br\\\/wp-content\\\/uploads\\\/2024\\\/08\\\/destaque-5-fatos-sobre-a-saude-que-frequentemente-sao-entendidos-de-forma-equivocada.png\",\"contentUrl\":\"https:\\\/\\\/ncpi.org.br\\\/wp-content\\\/uploads\\\/2024\\\/08\\\/destaque-5-fatos-sobre-a-saude-que-frequentemente-sao-entendidos-de-forma-equivocada.png\",\"width\":528,\"height\":297,\"caption\":\"Miniatura da publica\u00e7\u00e3o \\\"5 fatos sobre a sa\u00fade que frequentemente s\u00e3o entendidos de forma equivocada\\\"\"},{\"@type\":\"BreadcrumbList\",\"@id\":\"https:\\\/\\\/ncpi.org.br\\\/en\\\/publicacao\\\/5-fatos-sobre-a-saude-que-frequentemente-sao-entendidos-de-forma-equivocada\\\/#breadcrumb\",\"itemListElement\":[{\"@type\":\"ListItem\",\"position\":1,\"name\":\"Home\",\"item\":\"https:\\\/\\\/ncpi.org.br\\\/en\\\/\"},{\"@type\":\"ListItem\",\"position\":2,\"name\":\"5 fatos sobre a sa\u00fade que frequentemente s\u00e3o entendidos de forma equivocada\"}]},{\"@type\":\"WebSite\",\"@id\":\"https:\\\/\\\/ncpi.org.br\\\/en\\\/#website\",\"url\":\"https:\\\/\\\/ncpi.org.br\\\/en\\\/\",\"name\":\"NCPI\",\"description\":\"Ci\u00eancia a servi\u00e7o da qualifica\u00e7\u00e3o de pol\u00edticas p\u00fablicas para as primeiras inf\u00e2ncias brasileiras\",\"publisher\":{\"@id\":\"https:\\\/\\\/ncpi.org.br\\\/en\\\/#organization\"},\"alternateName\":\"N\u00facleo Ci\u00eancia Pela Inf\u00e2ncia\",\"potentialAction\":[{\"@type\":\"SearchAction\",\"target\":{\"@type\":\"EntryPoint\",\"urlTemplate\":\"https:\\\/\\\/ncpi.org.br\\\/en\\\/?s={search_term_string}\"},\"query-input\":{\"@type\":\"PropertyValueSpecification\",\"valueRequired\":true,\"valueName\":\"search_term_string\"}}],\"inLanguage\":\"en-US\"},{\"@type\":\"Organization\",\"@id\":\"https:\\\/\\\/ncpi.org.br\\\/en\\\/#organization\",\"name\":\"N\u00facleo Ci\u00eancia Pela Inf\u00e2ncia\",\"alternateName\":\"NCPI\",\"url\":\"https:\\\/\\\/ncpi.org.br\\\/en\\\/\",\"logo\":{\"@type\":\"ImageObject\",\"inLanguage\":\"en-US\",\"@id\":\"https:\\\/\\\/ncpi.org.br\\\/en\\\/#\\\/schema\\\/logo\\\/image\\\/\",\"url\":\"https:\\\/\\\/ncpi.org.br\\\/wp-content\\\/uploads\\\/2024\\\/07\\\/cropped-favicon.png\",\"contentUrl\":\"https:\\\/\\\/ncpi.org.br\\\/wp-content\\\/uploads\\\/2024\\\/07\\\/cropped-favicon.png\",\"width\":512,\"height\":512,\"caption\":\"N\u00facleo Ci\u00eancia Pela Inf\u00e2ncia\"},\"image\":{\"@id\":\"https:\\\/\\\/ncpi.org.br\\\/en\\\/#\\\/schema\\\/logo\\\/image\\\/\"},\"sameAs\":[\"https:\\\/\\\/www.facebook.com\\\/nucleocienciapelainfancia\\\/\",\"https:\\\/\\\/www.linkedin.com\\\/company\\\/nucleocienciapelainfancia\",\"https:\\\/\\\/www.youtube.com\\\/nucleocienciapelainfancia\",\"https:\\\/\\\/www.instagram.com\\\/nucleocienciapelainfancia\\\/\"]}]}<\/script>\n<!-- \/ Yoast SEO plugin. -->","yoast_head_json":{"title":"5 fatos sobre a sa\u00fade que frequentemente s\u00e3o entendidos de forma equivocada | NCPI","description":"Entenda como a intera\u00e7\u00f5es entre genes, experi\u00eancias, idade e ambientes influenciam o desenvolvimento e a sa\u00fade infantil.","robots":{"index":"index","follow":"follow","max-snippet":"max-snippet:-1","max-image-preview":"max-image-preview:large","max-video-preview":"max-video-preview:-1"},"canonical":"https:\/\/ncpi.org.br\/en\/publicacao\/5-fatos-sobre-a-saude-que-frequentemente-sao-entendidos-de-forma-equivocada\/","og_locale":"en_US","og_type":"article","og_title":"5 fatos sobre a sa\u00fade que frequentemente s\u00e3o entendidos de forma equivocada | NCPI","og_description":"Entenda como a intera\u00e7\u00f5es entre genes, experi\u00eancias, idade e ambientes influenciam o desenvolvimento e a sa\u00fade infantil.","og_url":"https:\/\/ncpi.org.br\/en\/publicacao\/5-fatos-sobre-a-saude-que-frequentemente-sao-entendidos-de-forma-equivocada\/","og_site_name":"NCPI","article_publisher":"https:\/\/www.facebook.com\/nucleocienciapelainfancia\/","article_modified_time":"2025-01-09T19:26:43+00:00","og_image":[{"width":528,"height":297,"url":"https:\/\/ncpi.org.br\/wp-content\/uploads\/2024\/08\/destaque-5-fatos-sobre-a-saude-que-frequentemente-sao-entendidos-de-forma-equivocada.png","type":"image\/png"}],"twitter_card":"summary_large_image","twitter_misc":{"Est. reading time":"1 minute"},"schema":{"@context":"https:\/\/schema.org","@graph":[{"@type":"WebPage","@id":"https:\/\/ncpi.org.br\/en\/publicacao\/5-fatos-sobre-a-saude-que-frequentemente-sao-entendidos-de-forma-equivocada\/","url":"https:\/\/ncpi.org.br\/en\/publicacao\/5-fatos-sobre-a-saude-que-frequentemente-sao-entendidos-de-forma-equivocada\/","name":"5 fatos sobre a sa\u00fade que frequentemente s\u00e3o entendidos de forma equivocada | NCPI","isPartOf":{"@id":"https:\/\/ncpi.org.br\/en\/#website"},"primaryImageOfPage":{"@id":"https:\/\/ncpi.org.br\/en\/publicacao\/5-fatos-sobre-a-saude-que-frequentemente-sao-entendidos-de-forma-equivocada\/#primaryimage"},"image":{"@id":"https:\/\/ncpi.org.br\/en\/publicacao\/5-fatos-sobre-a-saude-que-frequentemente-sao-entendidos-de-forma-equivocada\/#primaryimage"},"thumbnailUrl":"https:\/\/ncpi.org.br\/wp-content\/uploads\/2024\/08\/destaque-5-fatos-sobre-a-saude-que-frequentemente-sao-entendidos-de-forma-equivocada.png","datePublished":"2022-07-23T16:49:00+00:00","dateModified":"2025-01-09T19:26:43+00:00","description":"Entenda como a intera\u00e7\u00f5es entre genes, experi\u00eancias, idade e ambientes influenciam o desenvolvimento e a sa\u00fade infantil.","breadcrumb":{"@id":"https:\/\/ncpi.org.br\/en\/publicacao\/5-fatos-sobre-a-saude-que-frequentemente-sao-entendidos-de-forma-equivocada\/#breadcrumb"},"inLanguage":"en-US","potentialAction":[{"@type":"ReadAction","target":["https:\/\/ncpi.org.br\/en\/publicacao\/5-fatos-sobre-a-saude-que-frequentemente-sao-entendidos-de-forma-equivocada\/"]}]},{"@type":"ImageObject","inLanguage":"en-US","@id":"https:\/\/ncpi.org.br\/en\/publicacao\/5-fatos-sobre-a-saude-que-frequentemente-sao-entendidos-de-forma-equivocada\/#primaryimage","url":"https:\/\/ncpi.org.br\/wp-content\/uploads\/2024\/08\/destaque-5-fatos-sobre-a-saude-que-frequentemente-sao-entendidos-de-forma-equivocada.png","contentUrl":"https:\/\/ncpi.org.br\/wp-content\/uploads\/2024\/08\/destaque-5-fatos-sobre-a-saude-que-frequentemente-sao-entendidos-de-forma-equivocada.png","width":528,"height":297,"caption":"Miniatura da publica\u00e7\u00e3o \"5 fatos sobre a sa\u00fade que frequentemente s\u00e3o entendidos de forma equivocada\""},{"@type":"BreadcrumbList","@id":"https:\/\/ncpi.org.br\/en\/publicacao\/5-fatos-sobre-a-saude-que-frequentemente-sao-entendidos-de-forma-equivocada\/#breadcrumb","itemListElement":[{"@type":"ListItem","position":1,"name":"Home","item":"https:\/\/ncpi.org.br\/en\/"},{"@type":"ListItem","position":2,"name":"5 fatos sobre a sa\u00fade que frequentemente s\u00e3o entendidos de forma equivocada"}]},{"@type":"WebSite","@id":"https:\/\/ncpi.org.br\/en\/#website","url":"https:\/\/ncpi.org.br\/en\/","name":"NCPI","description":"Ci\u00eancia a servi\u00e7o da qualifica\u00e7\u00e3o de pol\u00edticas p\u00fablicas para as primeiras inf\u00e2ncias brasileiras","publisher":{"@id":"https:\/\/ncpi.org.br\/en\/#organization"},"alternateName":"N\u00facleo Ci\u00eancia Pela Inf\u00e2ncia","potentialAction":[{"@type":"SearchAction","target":{"@type":"EntryPoint","urlTemplate":"https:\/\/ncpi.org.br\/en\/?s={search_term_string}"},"query-input":{"@type":"PropertyValueSpecification","valueRequired":true,"valueName":"search_term_string"}}],"inLanguage":"en-US"},{"@type":"Organization","@id":"https:\/\/ncpi.org.br\/en\/#organization","name":"N\u00facleo Ci\u00eancia Pela Inf\u00e2ncia","alternateName":"NCPI","url":"https:\/\/ncpi.org.br\/en\/","logo":{"@type":"ImageObject","inLanguage":"en-US","@id":"https:\/\/ncpi.org.br\/en\/#\/schema\/logo\/image\/","url":"https:\/\/ncpi.org.br\/wp-content\/uploads\/2024\/07\/cropped-favicon.png","contentUrl":"https:\/\/ncpi.org.br\/wp-content\/uploads\/2024\/07\/cropped-favicon.png","width":512,"height":512,"caption":"N\u00facleo Ci\u00eancia Pela Inf\u00e2ncia"},"image":{"@id":"https:\/\/ncpi.org.br\/en\/#\/schema\/logo\/image\/"},"sameAs":["https:\/\/www.facebook.com\/nucleocienciapelainfancia\/","https:\/\/www.linkedin.com\/company\/nucleocienciapelainfancia","https:\/\/www.youtube.com\/nucleocienciapelainfancia","https:\/\/www.instagram.com\/nucleocienciapelainfancia\/"]}]}},"_links":{"self":[{"href":"https:\/\/ncpi.org.br\/en\/wp-json\/wp\/v2\/publicacao\/310","targetHints":{"allow":["GET"]}}],"collection":[{"href":"https:\/\/ncpi.org.br\/en\/wp-json\/wp\/v2\/publicacao"}],"about":[{"href":"https:\/\/ncpi.org.br\/en\/wp-json\/wp\/v2\/types\/publicacao"}],"version-history":[{"count":0,"href":"https:\/\/ncpi.org.br\/en\/wp-json\/wp\/v2\/publicacao\/310\/revisions"}],"wp:featuredmedia":[{"embeddable":true,"href":"https:\/\/ncpi.org.br\/en\/wp-json\/wp\/v2\/media\/533"}],"wp:attachment":[{"href":"https:\/\/ncpi.org.br\/en\/wp-json\/wp\/v2\/media?parent=310"}],"wp:term":[{"taxonomy":"post_tag","embeddable":true,"href":"https:\/\/ncpi.org.br\/en\/wp-json\/wp\/v2\/tags?post=310"},{"taxonomy":"formato","embeddable":true,"href":"https:\/\/ncpi.org.br\/en\/wp-json\/wp\/v2\/formato?post=310"},{"taxonomy":"procedencia","embeddable":true,"href":"https:\/\/ncpi.org.br\/en\/wp-json\/wp\/v2\/procedencia?post=310"},{"taxonomy":"tema","embeddable":true,"href":"https:\/\/ncpi.org.br\/en\/wp-json\/wp\/v2\/tema?post=310"}],"curies":[{"name":"wp","href":"https:\/\/api.w.org\/{rel}","templated":true}]}}