{"id":325,"date":"2020-05-15T14:00:00","date_gmt":"2020-05-15T17:00:00","guid":{"rendered":"https:\/\/ncpi.org.br\/?post_type=publicacao&#038;p=325"},"modified":"2025-01-09T17:32:41","modified_gmt":"2025-01-09T20:32:41","slug":"como-apoiar-as-criancas-e-a-si-mesmo-durante-o-surto-da-covid-19","status":"publish","type":"publicacao","link":"https:\/\/ncpi.org.br\/en\/publicacao\/como-apoiar-as-criancas-e-a-si-mesmo-durante-o-surto-da-covid-19\/","title":{"rendered":"Como apoiar as crian\u00e7as (e a si mesmo) durante o surto da COVID-19"},"content":{"rendered":"\n<p>Com foco na pandemia de coronav\u00edrus, este documento produzido pelo <em><a href=\"https:\/\/developingchild.harvard.edu\/\">Center on the Developing Child<\/a><\/em> da Universidade Harvard re\u00fane ideias para apoiar o desenvolvimento saud\u00e1vel das crian\u00e7as sem que seus cuidadores se esque\u00e7am do autocuidado.<\/p>\n\n\n\n<p><\/p>\n","protected":false},"excerpt":{"rendered":"<p>Com foco na pandemia de coronav\u00edrus, este documento produzido pelo Center on the Developing Child da Universidade Harvard re\u00fane ideias para apoiar o desenvolvimento saud\u00e1vel das crian\u00e7as sem que seus cuidadores se esque\u00e7am do autocuidado.<\/p>\n","protected":false},"featured_media":531,"template":"","format":"standard","meta":{"_acf_changed":false,"footnotes":""},"tags":[109,48,20,39,108],"formato":[16],"procedencia":[7],"tema":[13],"class_list":["post-325","publicacao","type-publicacao","status-publish","format-standard","has-post-thumbnail","hentry","tag-autocuidado","tag-covid-19","tag-desenvolvimento-infantil","tag-parentalidade","tag-saude-mental","formato-texto","procedencia-center-on-the-developing-child-de-harvard","tema-saude-e-cuidados-infantis"],"acf":[],"yoast_head":"<!-- This site is optimized with the Yoast SEO plugin v27.5 - https:\/\/yoast.com\/product\/yoast-seo-wordpress\/ -->\n<title>Como apoiar as crian\u00e7as (e a si mesmo) durante o surto da COVID-19 | NCPI<\/title>\n<meta name=\"description\" content=\"Documento aponta ideias para apoiar o desenvolvimento infantil na pandemia sem esquecer o autocuidado dos cuidadores.\" \/>\n<meta name=\"robots\" content=\"index, follow, max-snippet:-1, max-image-preview:large, max-video-preview:-1\" \/>\n<link rel=\"canonical\" href=\"https:\/\/ncpi.org.br\/en\/publicacao\/como-apoiar-as-criancas-e-a-si-mesmo-durante-o-surto-da-covid-19\/\" \/>\n<meta property=\"og:locale\" content=\"en_US\" \/>\n<meta property=\"og:type\" content=\"article\" \/>\n<meta property=\"og:title\" content=\"Como apoiar as crian\u00e7as (e a si mesmo) durante o surto da COVID-19 | NCPI\" \/>\n<meta property=\"og:description\" content=\"Documento aponta ideias para apoiar o desenvolvimento infantil na pandemia sem esquecer o autocuidado dos cuidadores.\" \/>\n<meta property=\"og:url\" content=\"https:\/\/ncpi.org.br\/en\/publicacao\/como-apoiar-as-criancas-e-a-si-mesmo-durante-o-surto-da-covid-19\/\" \/>\n<meta property=\"og:site_name\" content=\"NCPI\" \/>\n<meta property=\"article:publisher\" content=\"https:\/\/www.facebook.com\/nucleocienciapelainfancia\/\" \/>\n<meta property=\"article:modified_time\" content=\"2025-01-09T20:32:41+00:00\" \/>\n<meta property=\"og:image\" content=\"https:\/\/ncpi.org.br\/wp-content\/uploads\/2024\/08\/destaque-como-apoiar-as-criancas-e-a-si-mesmo-durante-o-surto-da-covid-19.png\" \/>\n\t<meta property=\"og:image:width\" content=\"528\" \/>\n\t<meta property=\"og:image:height\" content=\"297\" \/>\n\t<meta property=\"og:image:type\" content=\"image\/png\" \/>\n<meta name=\"twitter:card\" content=\"summary_large_image\" \/>\n<meta name=\"twitter:label1\" content=\"Est. reading time\" \/>\n\t<meta name=\"twitter:data1\" content=\"1 minute\" \/>\n<script type=\"application\/ld+json\" class=\"yoast-schema-graph\">{\"@context\":\"https:\\\/\\\/schema.org\",\"@graph\":[{\"@type\":\"WebPage\",\"@id\":\"https:\\\/\\\/ncpi.org.br\\\/en\\\/publicacao\\\/como-apoiar-as-criancas-e-a-si-mesmo-durante-o-surto-da-covid-19\\\/\",\"url\":\"https:\\\/\\\/ncpi.org.br\\\/en\\\/publicacao\\\/como-apoiar-as-criancas-e-a-si-mesmo-durante-o-surto-da-covid-19\\\/\",\"name\":\"Como apoiar as crian\u00e7as (e a si mesmo) durante o surto da COVID-19 | NCPI\",\"isPartOf\":{\"@id\":\"https:\\\/\\\/ncpi.org.br\\\/en\\\/#website\"},\"primaryImageOfPage\":{\"@id\":\"https:\\\/\\\/ncpi.org.br\\\/en\\\/publicacao\\\/como-apoiar-as-criancas-e-a-si-mesmo-durante-o-surto-da-covid-19\\\/#primaryimage\"},\"image\":{\"@id\":\"https:\\\/\\\/ncpi.org.br\\\/en\\\/publicacao\\\/como-apoiar-as-criancas-e-a-si-mesmo-durante-o-surto-da-covid-19\\\/#primaryimage\"},\"thumbnailUrl\":\"https:\\\/\\\/ncpi.org.br\\\/wp-content\\\/uploads\\\/2024\\\/08\\\/destaque-como-apoiar-as-criancas-e-a-si-mesmo-durante-o-surto-da-covid-19.png\",\"datePublished\":\"2020-05-15T17:00:00+00:00\",\"dateModified\":\"2025-01-09T20:32:41+00:00\",\"description\":\"Documento aponta ideias para apoiar o desenvolvimento infantil na pandemia sem esquecer o autocuidado dos cuidadores.\",\"breadcrumb\":{\"@id\":\"https:\\\/\\\/ncpi.org.br\\\/en\\\/publicacao\\\/como-apoiar-as-criancas-e-a-si-mesmo-durante-o-surto-da-covid-19\\\/#breadcrumb\"},\"inLanguage\":\"en-US\",\"potentialAction\":[{\"@type\":\"ReadAction\",\"target\":[\"https:\\\/\\\/ncpi.org.br\\\/en\\\/publicacao\\\/como-apoiar-as-criancas-e-a-si-mesmo-durante-o-surto-da-covid-19\\\/\"]}]},{\"@type\":\"ImageObject\",\"inLanguage\":\"en-US\",\"@id\":\"https:\\\/\\\/ncpi.org.br\\\/en\\\/publicacao\\\/como-apoiar-as-criancas-e-a-si-mesmo-durante-o-surto-da-covid-19\\\/#primaryimage\",\"url\":\"https:\\\/\\\/ncpi.org.br\\\/wp-content\\\/uploads\\\/2024\\\/08\\\/destaque-como-apoiar-as-criancas-e-a-si-mesmo-durante-o-surto-da-covid-19.png\",\"contentUrl\":\"https:\\\/\\\/ncpi.org.br\\\/wp-content\\\/uploads\\\/2024\\\/08\\\/destaque-como-apoiar-as-criancas-e-a-si-mesmo-durante-o-surto-da-covid-19.png\",\"width\":528,\"height\":297,\"caption\":\"Capa da publica\u00e7\u00e3o \\\"Como apoiar as crian\u00e7as (e a si mesmo) durante o surto da COVID-19\\\"\"},{\"@type\":\"BreadcrumbList\",\"@id\":\"https:\\\/\\\/ncpi.org.br\\\/en\\\/publicacao\\\/como-apoiar-as-criancas-e-a-si-mesmo-durante-o-surto-da-covid-19\\\/#breadcrumb\",\"itemListElement\":[{\"@type\":\"ListItem\",\"position\":1,\"name\":\"Home\",\"item\":\"https:\\\/\\\/ncpi.org.br\\\/en\\\/\"},{\"@type\":\"ListItem\",\"position\":2,\"name\":\"Como apoiar as crian\u00e7as (e a si mesmo) durante o surto da COVID-19\"}]},{\"@type\":\"WebSite\",\"@id\":\"https:\\\/\\\/ncpi.org.br\\\/en\\\/#website\",\"url\":\"https:\\\/\\\/ncpi.org.br\\\/en\\\/\",\"name\":\"NCPI\",\"description\":\"Ci\u00eancia a servi\u00e7o da qualifica\u00e7\u00e3o de pol\u00edticas p\u00fablicas para as primeiras inf\u00e2ncias brasileiras\",\"publisher\":{\"@id\":\"https:\\\/\\\/ncpi.org.br\\\/en\\\/#organization\"},\"alternateName\":\"N\u00facleo Ci\u00eancia Pela Inf\u00e2ncia\",\"potentialAction\":[{\"@type\":\"SearchAction\",\"target\":{\"@type\":\"EntryPoint\",\"urlTemplate\":\"https:\\\/\\\/ncpi.org.br\\\/en\\\/?s={search_term_string}\"},\"query-input\":{\"@type\":\"PropertyValueSpecification\",\"valueRequired\":true,\"valueName\":\"search_term_string\"}}],\"inLanguage\":\"en-US\"},{\"@type\":\"Organization\",\"@id\":\"https:\\\/\\\/ncpi.org.br\\\/en\\\/#organization\",\"name\":\"N\u00facleo Ci\u00eancia Pela Inf\u00e2ncia\",\"alternateName\":\"NCPI\",\"url\":\"https:\\\/\\\/ncpi.org.br\\\/en\\\/\",\"logo\":{\"@type\":\"ImageObject\",\"inLanguage\":\"en-US\",\"@id\":\"https:\\\/\\\/ncpi.org.br\\\/en\\\/#\\\/schema\\\/logo\\\/image\\\/\",\"url\":\"https:\\\/\\\/ncpi.org.br\\\/wp-content\\\/uploads\\\/2024\\\/07\\\/cropped-favicon.png\",\"contentUrl\":\"https:\\\/\\\/ncpi.org.br\\\/wp-content\\\/uploads\\\/2024\\\/07\\\/cropped-favicon.png\",\"width\":512,\"height\":512,\"caption\":\"N\u00facleo Ci\u00eancia Pela Inf\u00e2ncia\"},\"image\":{\"@id\":\"https:\\\/\\\/ncpi.org.br\\\/en\\\/#\\\/schema\\\/logo\\\/image\\\/\"},\"sameAs\":[\"https:\\\/\\\/www.facebook.com\\\/nucleocienciapelainfancia\\\/\",\"https:\\\/\\\/www.linkedin.com\\\/company\\\/nucleocienciapelainfancia\",\"https:\\\/\\\/www.youtube.com\\\/nucleocienciapelainfancia\",\"https:\\\/\\\/www.instagram.com\\\/nucleocienciapelainfancia\\\/\"]}]}<\/script>\n<!-- \/ Yoast SEO plugin. -->","yoast_head_json":{"title":"Como apoiar as crian\u00e7as (e a si mesmo) durante o surto da COVID-19 | NCPI","description":"Documento aponta ideias para apoiar o desenvolvimento infantil na pandemia sem esquecer o autocuidado dos cuidadores.","robots":{"index":"index","follow":"follow","max-snippet":"max-snippet:-1","max-image-preview":"max-image-preview:large","max-video-preview":"max-video-preview:-1"},"canonical":"https:\/\/ncpi.org.br\/en\/publicacao\/como-apoiar-as-criancas-e-a-si-mesmo-durante-o-surto-da-covid-19\/","og_locale":"en_US","og_type":"article","og_title":"Como apoiar as crian\u00e7as (e a si mesmo) durante o surto da COVID-19 | NCPI","og_description":"Documento aponta ideias para apoiar o desenvolvimento infantil na pandemia sem esquecer o autocuidado dos cuidadores.","og_url":"https:\/\/ncpi.org.br\/en\/publicacao\/como-apoiar-as-criancas-e-a-si-mesmo-durante-o-surto-da-covid-19\/","og_site_name":"NCPI","article_publisher":"https:\/\/www.facebook.com\/nucleocienciapelainfancia\/","article_modified_time":"2025-01-09T20:32:41+00:00","og_image":[{"width":528,"height":297,"url":"https:\/\/ncpi.org.br\/wp-content\/uploads\/2024\/08\/destaque-como-apoiar-as-criancas-e-a-si-mesmo-durante-o-surto-da-covid-19.png","type":"image\/png"}],"twitter_card":"summary_large_image","twitter_misc":{"Est. reading time":"1 minute"},"schema":{"@context":"https:\/\/schema.org","@graph":[{"@type":"WebPage","@id":"https:\/\/ncpi.org.br\/en\/publicacao\/como-apoiar-as-criancas-e-a-si-mesmo-durante-o-surto-da-covid-19\/","url":"https:\/\/ncpi.org.br\/en\/publicacao\/como-apoiar-as-criancas-e-a-si-mesmo-durante-o-surto-da-covid-19\/","name":"Como apoiar as crian\u00e7as (e a si mesmo) durante o surto da COVID-19 | NCPI","isPartOf":{"@id":"https:\/\/ncpi.org.br\/en\/#website"},"primaryImageOfPage":{"@id":"https:\/\/ncpi.org.br\/en\/publicacao\/como-apoiar-as-criancas-e-a-si-mesmo-durante-o-surto-da-covid-19\/#primaryimage"},"image":{"@id":"https:\/\/ncpi.org.br\/en\/publicacao\/como-apoiar-as-criancas-e-a-si-mesmo-durante-o-surto-da-covid-19\/#primaryimage"},"thumbnailUrl":"https:\/\/ncpi.org.br\/wp-content\/uploads\/2024\/08\/destaque-como-apoiar-as-criancas-e-a-si-mesmo-durante-o-surto-da-covid-19.png","datePublished":"2020-05-15T17:00:00+00:00","dateModified":"2025-01-09T20:32:41+00:00","description":"Documento aponta ideias para apoiar o desenvolvimento infantil na pandemia sem esquecer o autocuidado dos cuidadores.","breadcrumb":{"@id":"https:\/\/ncpi.org.br\/en\/publicacao\/como-apoiar-as-criancas-e-a-si-mesmo-durante-o-surto-da-covid-19\/#breadcrumb"},"inLanguage":"en-US","potentialAction":[{"@type":"ReadAction","target":["https:\/\/ncpi.org.br\/en\/publicacao\/como-apoiar-as-criancas-e-a-si-mesmo-durante-o-surto-da-covid-19\/"]}]},{"@type":"ImageObject","inLanguage":"en-US","@id":"https:\/\/ncpi.org.br\/en\/publicacao\/como-apoiar-as-criancas-e-a-si-mesmo-durante-o-surto-da-covid-19\/#primaryimage","url":"https:\/\/ncpi.org.br\/wp-content\/uploads\/2024\/08\/destaque-como-apoiar-as-criancas-e-a-si-mesmo-durante-o-surto-da-covid-19.png","contentUrl":"https:\/\/ncpi.org.br\/wp-content\/uploads\/2024\/08\/destaque-como-apoiar-as-criancas-e-a-si-mesmo-durante-o-surto-da-covid-19.png","width":528,"height":297,"caption":"Capa da publica\u00e7\u00e3o \"Como apoiar as crian\u00e7as (e a si mesmo) durante o surto da COVID-19\""},{"@type":"BreadcrumbList","@id":"https:\/\/ncpi.org.br\/en\/publicacao\/como-apoiar-as-criancas-e-a-si-mesmo-durante-o-surto-da-covid-19\/#breadcrumb","itemListElement":[{"@type":"ListItem","position":1,"name":"Home","item":"https:\/\/ncpi.org.br\/en\/"},{"@type":"ListItem","position":2,"name":"Como apoiar as crian\u00e7as (e a si mesmo) durante o surto da COVID-19"}]},{"@type":"WebSite","@id":"https:\/\/ncpi.org.br\/en\/#website","url":"https:\/\/ncpi.org.br\/en\/","name":"NCPI","description":"Ci\u00eancia a servi\u00e7o da qualifica\u00e7\u00e3o de pol\u00edticas p\u00fablicas para as primeiras inf\u00e2ncias brasileiras","publisher":{"@id":"https:\/\/ncpi.org.br\/en\/#organization"},"alternateName":"N\u00facleo Ci\u00eancia Pela Inf\u00e2ncia","potentialAction":[{"@type":"SearchAction","target":{"@type":"EntryPoint","urlTemplate":"https:\/\/ncpi.org.br\/en\/?s={search_term_string}"},"query-input":{"@type":"PropertyValueSpecification","valueRequired":true,"valueName":"search_term_string"}}],"inLanguage":"en-US"},{"@type":"Organization","@id":"https:\/\/ncpi.org.br\/en\/#organization","name":"N\u00facleo Ci\u00eancia Pela Inf\u00e2ncia","alternateName":"NCPI","url":"https:\/\/ncpi.org.br\/en\/","logo":{"@type":"ImageObject","inLanguage":"en-US","@id":"https:\/\/ncpi.org.br\/en\/#\/schema\/logo\/image\/","url":"https:\/\/ncpi.org.br\/wp-content\/uploads\/2024\/07\/cropped-favicon.png","contentUrl":"https:\/\/ncpi.org.br\/wp-content\/uploads\/2024\/07\/cropped-favicon.png","width":512,"height":512,"caption":"N\u00facleo Ci\u00eancia Pela Inf\u00e2ncia"},"image":{"@id":"https:\/\/ncpi.org.br\/en\/#\/schema\/logo\/image\/"},"sameAs":["https:\/\/www.facebook.com\/nucleocienciapelainfancia\/","https:\/\/www.linkedin.com\/company\/nucleocienciapelainfancia","https:\/\/www.youtube.com\/nucleocienciapelainfancia","https:\/\/www.instagram.com\/nucleocienciapelainfancia\/"]}]}},"_links":{"self":[{"href":"https:\/\/ncpi.org.br\/en\/wp-json\/wp\/v2\/publicacao\/325","targetHints":{"allow":["GET"]}}],"collection":[{"href":"https:\/\/ncpi.org.br\/en\/wp-json\/wp\/v2\/publicacao"}],"about":[{"href":"https:\/\/ncpi.org.br\/en\/wp-json\/wp\/v2\/types\/publicacao"}],"version-history":[{"count":0,"href":"https:\/\/ncpi.org.br\/en\/wp-json\/wp\/v2\/publicacao\/325\/revisions"}],"wp:featuredmedia":[{"embeddable":true,"href":"https:\/\/ncpi.org.br\/en\/wp-json\/wp\/v2\/media\/531"}],"wp:attachment":[{"href":"https:\/\/ncpi.org.br\/en\/wp-json\/wp\/v2\/media?parent=325"}],"wp:term":[{"taxonomy":"post_tag","embeddable":true,"href":"https:\/\/ncpi.org.br\/en\/wp-json\/wp\/v2\/tags?post=325"},{"taxonomy":"formato","embeddable":true,"href":"https:\/\/ncpi.org.br\/en\/wp-json\/wp\/v2\/formato?post=325"},{"taxonomy":"procedencia","embeddable":true,"href":"https:\/\/ncpi.org.br\/en\/wp-json\/wp\/v2\/procedencia?post=325"},{"taxonomy":"tema","embeddable":true,"href":"https:\/\/ncpi.org.br\/en\/wp-json\/wp\/v2\/tema?post=325"}],"curies":[{"name":"wp","href":"https:\/\/api.w.org\/{rel}","templated":true}]}}