{"id":359,"date":"2020-06-15T15:13:00","date_gmt":"2020-06-15T18:13:00","guid":{"rendered":"https:\/\/ncpi.org.br\/?post_type=publicacao&#038;p=359"},"modified":"2025-08-06T11:22:22","modified_gmt":"2025-08-06T14:22:22","slug":"coronavirus-e-primeira-infancia","status":"publish","type":"publicacao","link":"https:\/\/ncpi.org.br\/en\/publicacao\/coronavirus-e-primeira-infancia\/","title":{"rendered":"Coronav\u00edrus e primeira inf\u00e2ncia"},"content":{"rendered":"\n<p>Esta playlist \u00e9 composta de materiais audiovisuais produzidos pelo N\u00facleo Ci\u00eancia Pela Inf\u00e2ncia sobre os efeitos da Covid-19 no desenvolvimento infantil. <\/p>\n\n\n\n<p>S\u00e3o quatro v\u00eddeos da s\u00e9rie &#8220;Conversas com especialistas: como lidar com as consequ\u00eancias da pandemia na primeira inf\u00e2ncia&#8221; em que s\u00e3o abordados os temas: estresse t\u00f3xico infantil, uso de telas por crian\u00e7as, gesta\u00e7\u00e3o e puerp\u00e9rio, e cuidados de crian\u00e7as com necessidades especiais durante o surto global do coronav\u00edrus. <\/p>\n\n\n\n<p>Os profissionais que debatem o assunto s\u00e3o pesquisadores do Comit\u00ea Cient\u00edfico: Guilherme Polanczyk, Maria Beatriz Linhares, Anna Maria Chiesa e Naercio Menezes Filho.<\/p>\n","protected":false},"excerpt":{"rendered":"<p>Esta playlist \u00e9 composta de materiais audiovisuais produzidos pelo N\u00facleo Ci\u00eancia Pela Inf\u00e2ncia sobre os efeitos da Covid-19 no desenvolvimento infantil. S\u00e3o quatro v\u00eddeos da s\u00e9rie &#8220;Conversas com especialistas: como lidar com as consequ\u00eancias da pandemia na primeira inf\u00e2ncia&#8221; em que s\u00e3o abordados os temas: estresse t\u00f3xico infantil, uso de telas por crian\u00e7as, gesta\u00e7\u00e3o e&#8230;<\/p>\n","protected":false},"featured_media":1632,"template":"","format":"standard","meta":{"_acf_changed":false,"footnotes":""},"tags":[48,20,49,35,97],"formato":[18],"procedencia":[3],"tema":[13],"class_list":["post-359","publicacao","type-publicacao","status-publish","format-standard","has-post-thumbnail","hentry","tag-covid-19","tag-desenvolvimento-infantil","tag-estresse-toxico","tag-saude-infantil","tag-uso-de-telas","formato-video","procedencia-comite-cientifico","tema-saude-e-cuidados-infantis"],"acf":[],"yoast_head":"<!-- This site is optimized with the Yoast SEO plugin v27.5 - https:\/\/yoast.com\/product\/yoast-seo-wordpress\/ -->\n<title>Coronav\u00edrus e primeira inf\u00e2ncia | NCPI<\/title>\n<meta name=\"description\" content=\"Playlist do NCPI explora os efeitos da Covid-19 na primeira inf\u00e2ncia, abordando temas como estresse, uso de telas e cuidados especiais.\" \/>\n<meta name=\"robots\" content=\"index, follow, max-snippet:-1, max-image-preview:large, max-video-preview:-1\" \/>\n<link rel=\"canonical\" href=\"https:\/\/ncpi.org.br\/en\/publicacao\/coronavirus-e-primeira-infancia\/\" \/>\n<meta property=\"og:locale\" content=\"en_US\" \/>\n<meta property=\"og:type\" content=\"article\" \/>\n<meta property=\"og:title\" content=\"Coronav\u00edrus e primeira inf\u00e2ncia | NCPI\" \/>\n<meta property=\"og:description\" content=\"Playlist do NCPI explora os efeitos da Covid-19 na primeira inf\u00e2ncia, abordando temas como estresse, uso de telas e cuidados especiais.\" \/>\n<meta property=\"og:url\" content=\"https:\/\/ncpi.org.br\/en\/publicacao\/coronavirus-e-primeira-infancia\/\" \/>\n<meta property=\"og:site_name\" content=\"NCPI\" \/>\n<meta property=\"article:publisher\" content=\"https:\/\/www.facebook.com\/nucleocienciapelainfancia\/\" \/>\n<meta property=\"article:modified_time\" content=\"2025-08-06T14:22:22+00:00\" \/>\n<meta property=\"og:image\" content=\"https:\/\/ncpi.org.br\/wp-content\/uploads\/2024\/11\/destaque-coronavirus-e-primeira-infancia.png\" \/>\n\t<meta property=\"og:image:width\" content=\"929\" \/>\n\t<meta property=\"og:image:height\" content=\"522\" \/>\n\t<meta property=\"og:image:type\" content=\"image\/png\" \/>\n<meta name=\"twitter:card\" content=\"summary_large_image\" \/>\n<meta name=\"twitter:label1\" content=\"Est. reading time\" \/>\n\t<meta name=\"twitter:data1\" content=\"1 minute\" \/>\n<script type=\"application\/ld+json\" class=\"yoast-schema-graph\">{\"@context\":\"https:\\\/\\\/schema.org\",\"@graph\":[{\"@type\":\"WebPage\",\"@id\":\"https:\\\/\\\/ncpi.org.br\\\/en\\\/publicacao\\\/coronavirus-e-primeira-infancia\\\/\",\"url\":\"https:\\\/\\\/ncpi.org.br\\\/en\\\/publicacao\\\/coronavirus-e-primeira-infancia\\\/\",\"name\":\"Coronav\u00edrus e primeira inf\u00e2ncia | NCPI\",\"isPartOf\":{\"@id\":\"https:\\\/\\\/ncpi.org.br\\\/en\\\/#website\"},\"primaryImageOfPage\":{\"@id\":\"https:\\\/\\\/ncpi.org.br\\\/en\\\/publicacao\\\/coronavirus-e-primeira-infancia\\\/#primaryimage\"},\"image\":{\"@id\":\"https:\\\/\\\/ncpi.org.br\\\/en\\\/publicacao\\\/coronavirus-e-primeira-infancia\\\/#primaryimage\"},\"thumbnailUrl\":\"https:\\\/\\\/ncpi.org.br\\\/wp-content\\\/uploads\\\/2024\\\/11\\\/destaque-coronavirus-e-primeira-infancia.png\",\"datePublished\":\"2020-06-15T18:13:00+00:00\",\"dateModified\":\"2025-08-06T14:22:22+00:00\",\"description\":\"Playlist do NCPI explora os efeitos da Covid-19 na primeira inf\u00e2ncia, abordando temas como estresse, uso de telas e cuidados especiais.\",\"breadcrumb\":{\"@id\":\"https:\\\/\\\/ncpi.org.br\\\/en\\\/publicacao\\\/coronavirus-e-primeira-infancia\\\/#breadcrumb\"},\"inLanguage\":\"en-US\",\"potentialAction\":[{\"@type\":\"ReadAction\",\"target\":[\"https:\\\/\\\/ncpi.org.br\\\/en\\\/publicacao\\\/coronavirus-e-primeira-infancia\\\/\"]}]},{\"@type\":\"ImageObject\",\"inLanguage\":\"en-US\",\"@id\":\"https:\\\/\\\/ncpi.org.br\\\/en\\\/publicacao\\\/coronavirus-e-primeira-infancia\\\/#primaryimage\",\"url\":\"https:\\\/\\\/ncpi.org.br\\\/wp-content\\\/uploads\\\/2024\\\/11\\\/destaque-coronavirus-e-primeira-infancia.png\",\"contentUrl\":\"https:\\\/\\\/ncpi.org.br\\\/wp-content\\\/uploads\\\/2024\\\/11\\\/destaque-coronavirus-e-primeira-infancia.png\",\"width\":929,\"height\":522,\"caption\":\"Rosto de homem branco.\"},{\"@type\":\"BreadcrumbList\",\"@id\":\"https:\\\/\\\/ncpi.org.br\\\/en\\\/publicacao\\\/coronavirus-e-primeira-infancia\\\/#breadcrumb\",\"itemListElement\":[{\"@type\":\"ListItem\",\"position\":1,\"name\":\"Home\",\"item\":\"https:\\\/\\\/ncpi.org.br\\\/en\\\/\"},{\"@type\":\"ListItem\",\"position\":2,\"name\":\"Coronav\u00edrus e primeira inf\u00e2ncia\"}]},{\"@type\":\"WebSite\",\"@id\":\"https:\\\/\\\/ncpi.org.br\\\/en\\\/#website\",\"url\":\"https:\\\/\\\/ncpi.org.br\\\/en\\\/\",\"name\":\"NCPI\",\"description\":\"Ci\u00eancia a servi\u00e7o da qualifica\u00e7\u00e3o de pol\u00edticas p\u00fablicas para as primeiras inf\u00e2ncias brasileiras\",\"publisher\":{\"@id\":\"https:\\\/\\\/ncpi.org.br\\\/en\\\/#organization\"},\"alternateName\":\"N\u00facleo Ci\u00eancia Pela Inf\u00e2ncia\",\"potentialAction\":[{\"@type\":\"SearchAction\",\"target\":{\"@type\":\"EntryPoint\",\"urlTemplate\":\"https:\\\/\\\/ncpi.org.br\\\/en\\\/?s={search_term_string}\"},\"query-input\":{\"@type\":\"PropertyValueSpecification\",\"valueRequired\":true,\"valueName\":\"search_term_string\"}}],\"inLanguage\":\"en-US\"},{\"@type\":\"Organization\",\"@id\":\"https:\\\/\\\/ncpi.org.br\\\/en\\\/#organization\",\"name\":\"N\u00facleo Ci\u00eancia Pela Inf\u00e2ncia\",\"alternateName\":\"NCPI\",\"url\":\"https:\\\/\\\/ncpi.org.br\\\/en\\\/\",\"logo\":{\"@type\":\"ImageObject\",\"inLanguage\":\"en-US\",\"@id\":\"https:\\\/\\\/ncpi.org.br\\\/en\\\/#\\\/schema\\\/logo\\\/image\\\/\",\"url\":\"https:\\\/\\\/ncpi.org.br\\\/wp-content\\\/uploads\\\/2024\\\/07\\\/cropped-favicon.png\",\"contentUrl\":\"https:\\\/\\\/ncpi.org.br\\\/wp-content\\\/uploads\\\/2024\\\/07\\\/cropped-favicon.png\",\"width\":512,\"height\":512,\"caption\":\"N\u00facleo Ci\u00eancia Pela Inf\u00e2ncia\"},\"image\":{\"@id\":\"https:\\\/\\\/ncpi.org.br\\\/en\\\/#\\\/schema\\\/logo\\\/image\\\/\"},\"sameAs\":[\"https:\\\/\\\/www.facebook.com\\\/nucleocienciapelainfancia\\\/\",\"https:\\\/\\\/www.linkedin.com\\\/company\\\/nucleocienciapelainfancia\",\"https:\\\/\\\/www.youtube.com\\\/nucleocienciapelainfancia\",\"https:\\\/\\\/www.instagram.com\\\/nucleocienciapelainfancia\\\/\"]}]}<\/script>\n<!-- \/ Yoast SEO plugin. -->","yoast_head_json":{"title":"Coronav\u00edrus e primeira inf\u00e2ncia | NCPI","description":"Playlist do NCPI explora os efeitos da Covid-19 na primeira inf\u00e2ncia, abordando temas como estresse, uso de telas e cuidados especiais.","robots":{"index":"index","follow":"follow","max-snippet":"max-snippet:-1","max-image-preview":"max-image-preview:large","max-video-preview":"max-video-preview:-1"},"canonical":"https:\/\/ncpi.org.br\/en\/publicacao\/coronavirus-e-primeira-infancia\/","og_locale":"en_US","og_type":"article","og_title":"Coronav\u00edrus e primeira inf\u00e2ncia | NCPI","og_description":"Playlist do NCPI explora os efeitos da Covid-19 na primeira inf\u00e2ncia, abordando temas como estresse, uso de telas e cuidados especiais.","og_url":"https:\/\/ncpi.org.br\/en\/publicacao\/coronavirus-e-primeira-infancia\/","og_site_name":"NCPI","article_publisher":"https:\/\/www.facebook.com\/nucleocienciapelainfancia\/","article_modified_time":"2025-08-06T14:22:22+00:00","og_image":[{"width":929,"height":522,"url":"https:\/\/ncpi.org.br\/wp-content\/uploads\/2024\/11\/destaque-coronavirus-e-primeira-infancia.png","type":"image\/png"}],"twitter_card":"summary_large_image","twitter_misc":{"Est. reading time":"1 minute"},"schema":{"@context":"https:\/\/schema.org","@graph":[{"@type":"WebPage","@id":"https:\/\/ncpi.org.br\/en\/publicacao\/coronavirus-e-primeira-infancia\/","url":"https:\/\/ncpi.org.br\/en\/publicacao\/coronavirus-e-primeira-infancia\/","name":"Coronav\u00edrus e primeira inf\u00e2ncia | NCPI","isPartOf":{"@id":"https:\/\/ncpi.org.br\/en\/#website"},"primaryImageOfPage":{"@id":"https:\/\/ncpi.org.br\/en\/publicacao\/coronavirus-e-primeira-infancia\/#primaryimage"},"image":{"@id":"https:\/\/ncpi.org.br\/en\/publicacao\/coronavirus-e-primeira-infancia\/#primaryimage"},"thumbnailUrl":"https:\/\/ncpi.org.br\/wp-content\/uploads\/2024\/11\/destaque-coronavirus-e-primeira-infancia.png","datePublished":"2020-06-15T18:13:00+00:00","dateModified":"2025-08-06T14:22:22+00:00","description":"Playlist do NCPI explora os efeitos da Covid-19 na primeira inf\u00e2ncia, abordando temas como estresse, uso de telas e cuidados especiais.","breadcrumb":{"@id":"https:\/\/ncpi.org.br\/en\/publicacao\/coronavirus-e-primeira-infancia\/#breadcrumb"},"inLanguage":"en-US","potentialAction":[{"@type":"ReadAction","target":["https:\/\/ncpi.org.br\/en\/publicacao\/coronavirus-e-primeira-infancia\/"]}]},{"@type":"ImageObject","inLanguage":"en-US","@id":"https:\/\/ncpi.org.br\/en\/publicacao\/coronavirus-e-primeira-infancia\/#primaryimage","url":"https:\/\/ncpi.org.br\/wp-content\/uploads\/2024\/11\/destaque-coronavirus-e-primeira-infancia.png","contentUrl":"https:\/\/ncpi.org.br\/wp-content\/uploads\/2024\/11\/destaque-coronavirus-e-primeira-infancia.png","width":929,"height":522,"caption":"Rosto de homem branco."},{"@type":"BreadcrumbList","@id":"https:\/\/ncpi.org.br\/en\/publicacao\/coronavirus-e-primeira-infancia\/#breadcrumb","itemListElement":[{"@type":"ListItem","position":1,"name":"Home","item":"https:\/\/ncpi.org.br\/en\/"},{"@type":"ListItem","position":2,"name":"Coronav\u00edrus e primeira inf\u00e2ncia"}]},{"@type":"WebSite","@id":"https:\/\/ncpi.org.br\/en\/#website","url":"https:\/\/ncpi.org.br\/en\/","name":"NCPI","description":"Ci\u00eancia a servi\u00e7o da qualifica\u00e7\u00e3o de pol\u00edticas p\u00fablicas para as primeiras inf\u00e2ncias brasileiras","publisher":{"@id":"https:\/\/ncpi.org.br\/en\/#organization"},"alternateName":"N\u00facleo Ci\u00eancia Pela Inf\u00e2ncia","potentialAction":[{"@type":"SearchAction","target":{"@type":"EntryPoint","urlTemplate":"https:\/\/ncpi.org.br\/en\/?s={search_term_string}"},"query-input":{"@type":"PropertyValueSpecification","valueRequired":true,"valueName":"search_term_string"}}],"inLanguage":"en-US"},{"@type":"Organization","@id":"https:\/\/ncpi.org.br\/en\/#organization","name":"N\u00facleo Ci\u00eancia Pela Inf\u00e2ncia","alternateName":"NCPI","url":"https:\/\/ncpi.org.br\/en\/","logo":{"@type":"ImageObject","inLanguage":"en-US","@id":"https:\/\/ncpi.org.br\/en\/#\/schema\/logo\/image\/","url":"https:\/\/ncpi.org.br\/wp-content\/uploads\/2024\/07\/cropped-favicon.png","contentUrl":"https:\/\/ncpi.org.br\/wp-content\/uploads\/2024\/07\/cropped-favicon.png","width":512,"height":512,"caption":"N\u00facleo Ci\u00eancia Pela Inf\u00e2ncia"},"image":{"@id":"https:\/\/ncpi.org.br\/en\/#\/schema\/logo\/image\/"},"sameAs":["https:\/\/www.facebook.com\/nucleocienciapelainfancia\/","https:\/\/www.linkedin.com\/company\/nucleocienciapelainfancia","https:\/\/www.youtube.com\/nucleocienciapelainfancia","https:\/\/www.instagram.com\/nucleocienciapelainfancia\/"]}]}},"_links":{"self":[{"href":"https:\/\/ncpi.org.br\/en\/wp-json\/wp\/v2\/publicacao\/359","targetHints":{"allow":["GET"]}}],"collection":[{"href":"https:\/\/ncpi.org.br\/en\/wp-json\/wp\/v2\/publicacao"}],"about":[{"href":"https:\/\/ncpi.org.br\/en\/wp-json\/wp\/v2\/types\/publicacao"}],"version-history":[{"count":0,"href":"https:\/\/ncpi.org.br\/en\/wp-json\/wp\/v2\/publicacao\/359\/revisions"}],"wp:featuredmedia":[{"embeddable":true,"href":"https:\/\/ncpi.org.br\/en\/wp-json\/wp\/v2\/media\/1632"}],"wp:attachment":[{"href":"https:\/\/ncpi.org.br\/en\/wp-json\/wp\/v2\/media?parent=359"}],"wp:term":[{"taxonomy":"post_tag","embeddable":true,"href":"https:\/\/ncpi.org.br\/en\/wp-json\/wp\/v2\/tags?post=359"},{"taxonomy":"formato","embeddable":true,"href":"https:\/\/ncpi.org.br\/en\/wp-json\/wp\/v2\/formato?post=359"},{"taxonomy":"procedencia","embeddable":true,"href":"https:\/\/ncpi.org.br\/en\/wp-json\/wp\/v2\/procedencia?post=359"},{"taxonomy":"tema","embeddable":true,"href":"https:\/\/ncpi.org.br\/en\/wp-json\/wp\/v2\/tema?post=359"}],"curies":[{"name":"wp","href":"https:\/\/api.w.org\/{rel}","templated":true}]}}