{"id":363,"date":"2022-03-02T15:16:00","date_gmt":"2022-03-02T18:16:00","guid":{"rendered":"https:\/\/ncpi.org.br\/?post_type=publicacao&#038;p=363"},"modified":"2025-08-06T11:23:56","modified_gmt":"2025-08-06T14:23:56","slug":"impactos-da-pandemia-na-primeira-infancia","status":"publish","type":"publicacao","link":"https:\/\/ncpi.org.br\/en\/publicacao\/impactos-da-pandemia-na-primeira-infancia\/","title":{"rendered":"Impactos da pandemia na primeira inf\u00e2ncia"},"content":{"rendered":"\n<p>A s\u00e9rie \u201cImpactos da pandemia na primeira inf\u00e2ncia\u201d apresenta os principais pontos debatidos pelos palestrantes durante o IX Simp\u00f3sio Internacional do Desenvolvimento da Primeira Inf\u00e2ncia, realizado em outubro de 2021. <\/p>\n\n\n\n<p>Os 10 v\u00eddeos curtos abordam os seguintes assuntos: educa\u00e7\u00e3o infantil (impactos na aprendizagem e iniquidades sociais no acesso \u00e0 educa\u00e7\u00e3o), inseguran\u00e7a alimentar, viol\u00eancias contra as crian\u00e7as, desigualdade social, racismo, inf\u00e2ncias nas favelas, sa\u00fade mental, sobrecarga materna e paternidade ativa. <\/p>\n\n\n\n<p>Os materiais apresentam um panorama sobre como cada um desses temas afetou as crian\u00e7as pequenas e suas fam\u00edlias durante a pandemia, e destacam poss\u00edveis caminhos para a gest\u00e3o p\u00fablica reverter o quadro.<\/p>\n\n\n\n<p><\/p>\n","protected":false},"excerpt":{"rendered":"<p>A s\u00e9rie \u201cImpactos da pandemia na primeira inf\u00e2ncia\u201d apresenta os principais pontos debatidos pelos palestrantes durante o IX Simp\u00f3sio Internacional do Desenvolvimento da Primeira Inf\u00e2ncia, realizado em outubro de 2021. Os 10 v\u00eddeos curtos abordam os seguintes assuntos: educa\u00e7\u00e3o infantil (impactos na aprendizagem e iniquidades sociais no acesso \u00e0 educa\u00e7\u00e3o), inseguran\u00e7a alimentar, viol\u00eancias contra as&#8230;<\/p>\n","protected":false},"featured_media":1646,"template":"","format":"standard","meta":{"_acf_changed":false,"footnotes":""},"tags":[48,20,59,38,35,96],"formato":[18],"procedencia":[6],"tema":[13],"class_list":["post-363","publicacao","type-publicacao","status-publish","format-standard","has-post-thumbnail","hentry","tag-covid-19","tag-desenvolvimento-infantil","tag-desigualdades-sociais","tag-educacao-infantil","tag-saude-infantil","tag-violencia-contra-criancas","formato-video","procedencia-simposio-internacional-de-desenvolvimento-da-primeira-infancia","tema-saude-e-cuidados-infantis"],"acf":[],"yoast_head":"<!-- This site is optimized with the Yoast SEO plugin v27.5 - https:\/\/yoast.com\/product\/yoast-seo-wordpress\/ -->\n<title>Impactos da pandemia na primeira inf\u00e2ncia | NCPI<\/title>\n<meta name=\"description\" content=\"Nesta s\u00e9rie, especialistas analisam efeitos da pandemia na primeira inf\u00e2ncia em aspectos como educa\u00e7\u00e3o, sa\u00fade mental e desigualdades sociais.\" \/>\n<meta name=\"robots\" content=\"index, follow, max-snippet:-1, max-image-preview:large, max-video-preview:-1\" \/>\n<link rel=\"canonical\" href=\"https:\/\/ncpi.org.br\/en\/publicacao\/impactos-da-pandemia-na-primeira-infancia\/\" \/>\n<meta property=\"og:locale\" content=\"en_US\" \/>\n<meta property=\"og:type\" content=\"article\" \/>\n<meta property=\"og:title\" content=\"Impactos da pandemia na primeira inf\u00e2ncia | NCPI\" \/>\n<meta property=\"og:description\" content=\"Nesta s\u00e9rie, especialistas analisam efeitos da pandemia na primeira inf\u00e2ncia em aspectos como educa\u00e7\u00e3o, sa\u00fade mental e desigualdades sociais.\" \/>\n<meta property=\"og:url\" content=\"https:\/\/ncpi.org.br\/en\/publicacao\/impactos-da-pandemia-na-primeira-infancia\/\" \/>\n<meta property=\"og:site_name\" content=\"NCPI\" \/>\n<meta property=\"article:publisher\" content=\"https:\/\/www.facebook.com\/nucleocienciapelainfancia\/\" \/>\n<meta property=\"article:modified_time\" content=\"2025-08-06T14:23:56+00:00\" \/>\n<meta property=\"og:image\" content=\"https:\/\/ncpi.org.br\/wp-content\/uploads\/2024\/11\/destaque-impactos-da-pandemia-na-primeira-infancia.png\" \/>\n\t<meta property=\"og:image:width\" content=\"929\" \/>\n\t<meta property=\"og:image:height\" content=\"522\" \/>\n\t<meta property=\"og:image:type\" content=\"image\/png\" \/>\n<meta name=\"twitter:card\" content=\"summary_large_image\" \/>\n<meta name=\"twitter:label1\" content=\"Est. reading time\" \/>\n\t<meta name=\"twitter:data1\" content=\"1 minute\" \/>\n<script type=\"application\/ld+json\" class=\"yoast-schema-graph\">{\"@context\":\"https:\\\/\\\/schema.org\",\"@graph\":[{\"@type\":\"WebPage\",\"@id\":\"https:\\\/\\\/ncpi.org.br\\\/en\\\/publicacao\\\/impactos-da-pandemia-na-primeira-infancia\\\/\",\"url\":\"https:\\\/\\\/ncpi.org.br\\\/en\\\/publicacao\\\/impactos-da-pandemia-na-primeira-infancia\\\/\",\"name\":\"Impactos da pandemia na primeira inf\u00e2ncia | NCPI\",\"isPartOf\":{\"@id\":\"https:\\\/\\\/ncpi.org.br\\\/en\\\/#website\"},\"primaryImageOfPage\":{\"@id\":\"https:\\\/\\\/ncpi.org.br\\\/en\\\/publicacao\\\/impactos-da-pandemia-na-primeira-infancia\\\/#primaryimage\"},\"image\":{\"@id\":\"https:\\\/\\\/ncpi.org.br\\\/en\\\/publicacao\\\/impactos-da-pandemia-na-primeira-infancia\\\/#primaryimage\"},\"thumbnailUrl\":\"https:\\\/\\\/ncpi.org.br\\\/wp-content\\\/uploads\\\/2024\\\/11\\\/destaque-impactos-da-pandemia-na-primeira-infancia.png\",\"datePublished\":\"2022-03-02T18:16:00+00:00\",\"dateModified\":\"2025-08-06T14:23:56+00:00\",\"description\":\"Nesta s\u00e9rie, especialistas analisam efeitos da pandemia na primeira inf\u00e2ncia em aspectos como educa\u00e7\u00e3o, sa\u00fade mental e desigualdades sociais.\",\"breadcrumb\":{\"@id\":\"https:\\\/\\\/ncpi.org.br\\\/en\\\/publicacao\\\/impactos-da-pandemia-na-primeira-infancia\\\/#breadcrumb\"},\"inLanguage\":\"en-US\",\"potentialAction\":[{\"@type\":\"ReadAction\",\"target\":[\"https:\\\/\\\/ncpi.org.br\\\/en\\\/publicacao\\\/impactos-da-pandemia-na-primeira-infancia\\\/\"]}]},{\"@type\":\"ImageObject\",\"inLanguage\":\"en-US\",\"@id\":\"https:\\\/\\\/ncpi.org.br\\\/en\\\/publicacao\\\/impactos-da-pandemia-na-primeira-infancia\\\/#primaryimage\",\"url\":\"https:\\\/\\\/ncpi.org.br\\\/wp-content\\\/uploads\\\/2024\\\/11\\\/destaque-impactos-da-pandemia-na-primeira-infancia.png\",\"contentUrl\":\"https:\\\/\\\/ncpi.org.br\\\/wp-content\\\/uploads\\\/2024\\\/11\\\/destaque-impactos-da-pandemia-na-primeira-infancia.png\",\"width\":929,\"height\":522,\"caption\":\"Foto recortada de homem branco de olhos claros falando ao microfone.\"},{\"@type\":\"BreadcrumbList\",\"@id\":\"https:\\\/\\\/ncpi.org.br\\\/en\\\/publicacao\\\/impactos-da-pandemia-na-primeira-infancia\\\/#breadcrumb\",\"itemListElement\":[{\"@type\":\"ListItem\",\"position\":1,\"name\":\"Home\",\"item\":\"https:\\\/\\\/ncpi.org.br\\\/en\\\/\"},{\"@type\":\"ListItem\",\"position\":2,\"name\":\"Impactos da pandemia na primeira inf\u00e2ncia\"}]},{\"@type\":\"WebSite\",\"@id\":\"https:\\\/\\\/ncpi.org.br\\\/en\\\/#website\",\"url\":\"https:\\\/\\\/ncpi.org.br\\\/en\\\/\",\"name\":\"NCPI\",\"description\":\"Ci\u00eancia a servi\u00e7o da qualifica\u00e7\u00e3o de pol\u00edticas p\u00fablicas para as primeiras inf\u00e2ncias brasileiras\",\"publisher\":{\"@id\":\"https:\\\/\\\/ncpi.org.br\\\/en\\\/#organization\"},\"alternateName\":\"N\u00facleo Ci\u00eancia Pela Inf\u00e2ncia\",\"potentialAction\":[{\"@type\":\"SearchAction\",\"target\":{\"@type\":\"EntryPoint\",\"urlTemplate\":\"https:\\\/\\\/ncpi.org.br\\\/en\\\/?s={search_term_string}\"},\"query-input\":{\"@type\":\"PropertyValueSpecification\",\"valueRequired\":true,\"valueName\":\"search_term_string\"}}],\"inLanguage\":\"en-US\"},{\"@type\":\"Organization\",\"@id\":\"https:\\\/\\\/ncpi.org.br\\\/en\\\/#organization\",\"name\":\"N\u00facleo Ci\u00eancia Pela Inf\u00e2ncia\",\"alternateName\":\"NCPI\",\"url\":\"https:\\\/\\\/ncpi.org.br\\\/en\\\/\",\"logo\":{\"@type\":\"ImageObject\",\"inLanguage\":\"en-US\",\"@id\":\"https:\\\/\\\/ncpi.org.br\\\/en\\\/#\\\/schema\\\/logo\\\/image\\\/\",\"url\":\"https:\\\/\\\/ncpi.org.br\\\/wp-content\\\/uploads\\\/2024\\\/07\\\/cropped-favicon.png\",\"contentUrl\":\"https:\\\/\\\/ncpi.org.br\\\/wp-content\\\/uploads\\\/2024\\\/07\\\/cropped-favicon.png\",\"width\":512,\"height\":512,\"caption\":\"N\u00facleo Ci\u00eancia Pela Inf\u00e2ncia\"},\"image\":{\"@id\":\"https:\\\/\\\/ncpi.org.br\\\/en\\\/#\\\/schema\\\/logo\\\/image\\\/\"},\"sameAs\":[\"https:\\\/\\\/www.facebook.com\\\/nucleocienciapelainfancia\\\/\",\"https:\\\/\\\/www.linkedin.com\\\/company\\\/nucleocienciapelainfancia\",\"https:\\\/\\\/www.youtube.com\\\/nucleocienciapelainfancia\",\"https:\\\/\\\/www.instagram.com\\\/nucleocienciapelainfancia\\\/\"]}]}<\/script>\n<!-- \/ Yoast SEO plugin. -->","yoast_head_json":{"title":"Impactos da pandemia na primeira inf\u00e2ncia | NCPI","description":"Nesta s\u00e9rie, especialistas analisam efeitos da pandemia na primeira inf\u00e2ncia em aspectos como educa\u00e7\u00e3o, sa\u00fade mental e desigualdades sociais.","robots":{"index":"index","follow":"follow","max-snippet":"max-snippet:-1","max-image-preview":"max-image-preview:large","max-video-preview":"max-video-preview:-1"},"canonical":"https:\/\/ncpi.org.br\/en\/publicacao\/impactos-da-pandemia-na-primeira-infancia\/","og_locale":"en_US","og_type":"article","og_title":"Impactos da pandemia na primeira inf\u00e2ncia | NCPI","og_description":"Nesta s\u00e9rie, especialistas analisam efeitos da pandemia na primeira inf\u00e2ncia em aspectos como educa\u00e7\u00e3o, sa\u00fade mental e desigualdades sociais.","og_url":"https:\/\/ncpi.org.br\/en\/publicacao\/impactos-da-pandemia-na-primeira-infancia\/","og_site_name":"NCPI","article_publisher":"https:\/\/www.facebook.com\/nucleocienciapelainfancia\/","article_modified_time":"2025-08-06T14:23:56+00:00","og_image":[{"width":929,"height":522,"url":"https:\/\/ncpi.org.br\/wp-content\/uploads\/2024\/11\/destaque-impactos-da-pandemia-na-primeira-infancia.png","type":"image\/png"}],"twitter_card":"summary_large_image","twitter_misc":{"Est. reading time":"1 minute"},"schema":{"@context":"https:\/\/schema.org","@graph":[{"@type":"WebPage","@id":"https:\/\/ncpi.org.br\/en\/publicacao\/impactos-da-pandemia-na-primeira-infancia\/","url":"https:\/\/ncpi.org.br\/en\/publicacao\/impactos-da-pandemia-na-primeira-infancia\/","name":"Impactos da pandemia na primeira inf\u00e2ncia | NCPI","isPartOf":{"@id":"https:\/\/ncpi.org.br\/en\/#website"},"primaryImageOfPage":{"@id":"https:\/\/ncpi.org.br\/en\/publicacao\/impactos-da-pandemia-na-primeira-infancia\/#primaryimage"},"image":{"@id":"https:\/\/ncpi.org.br\/en\/publicacao\/impactos-da-pandemia-na-primeira-infancia\/#primaryimage"},"thumbnailUrl":"https:\/\/ncpi.org.br\/wp-content\/uploads\/2024\/11\/destaque-impactos-da-pandemia-na-primeira-infancia.png","datePublished":"2022-03-02T18:16:00+00:00","dateModified":"2025-08-06T14:23:56+00:00","description":"Nesta s\u00e9rie, especialistas analisam efeitos da pandemia na primeira inf\u00e2ncia em aspectos como educa\u00e7\u00e3o, sa\u00fade mental e desigualdades sociais.","breadcrumb":{"@id":"https:\/\/ncpi.org.br\/en\/publicacao\/impactos-da-pandemia-na-primeira-infancia\/#breadcrumb"},"inLanguage":"en-US","potentialAction":[{"@type":"ReadAction","target":["https:\/\/ncpi.org.br\/en\/publicacao\/impactos-da-pandemia-na-primeira-infancia\/"]}]},{"@type":"ImageObject","inLanguage":"en-US","@id":"https:\/\/ncpi.org.br\/en\/publicacao\/impactos-da-pandemia-na-primeira-infancia\/#primaryimage","url":"https:\/\/ncpi.org.br\/wp-content\/uploads\/2024\/11\/destaque-impactos-da-pandemia-na-primeira-infancia.png","contentUrl":"https:\/\/ncpi.org.br\/wp-content\/uploads\/2024\/11\/destaque-impactos-da-pandemia-na-primeira-infancia.png","width":929,"height":522,"caption":"Foto recortada de homem branco de olhos claros falando ao microfone."},{"@type":"BreadcrumbList","@id":"https:\/\/ncpi.org.br\/en\/publicacao\/impactos-da-pandemia-na-primeira-infancia\/#breadcrumb","itemListElement":[{"@type":"ListItem","position":1,"name":"Home","item":"https:\/\/ncpi.org.br\/en\/"},{"@type":"ListItem","position":2,"name":"Impactos da pandemia na primeira inf\u00e2ncia"}]},{"@type":"WebSite","@id":"https:\/\/ncpi.org.br\/en\/#website","url":"https:\/\/ncpi.org.br\/en\/","name":"NCPI","description":"Ci\u00eancia a servi\u00e7o da qualifica\u00e7\u00e3o de pol\u00edticas p\u00fablicas para as primeiras inf\u00e2ncias brasileiras","publisher":{"@id":"https:\/\/ncpi.org.br\/en\/#organization"},"alternateName":"N\u00facleo Ci\u00eancia Pela Inf\u00e2ncia","potentialAction":[{"@type":"SearchAction","target":{"@type":"EntryPoint","urlTemplate":"https:\/\/ncpi.org.br\/en\/?s={search_term_string}"},"query-input":{"@type":"PropertyValueSpecification","valueRequired":true,"valueName":"search_term_string"}}],"inLanguage":"en-US"},{"@type":"Organization","@id":"https:\/\/ncpi.org.br\/en\/#organization","name":"N\u00facleo Ci\u00eancia Pela Inf\u00e2ncia","alternateName":"NCPI","url":"https:\/\/ncpi.org.br\/en\/","logo":{"@type":"ImageObject","inLanguage":"en-US","@id":"https:\/\/ncpi.org.br\/en\/#\/schema\/logo\/image\/","url":"https:\/\/ncpi.org.br\/wp-content\/uploads\/2024\/07\/cropped-favicon.png","contentUrl":"https:\/\/ncpi.org.br\/wp-content\/uploads\/2024\/07\/cropped-favicon.png","width":512,"height":512,"caption":"N\u00facleo Ci\u00eancia Pela Inf\u00e2ncia"},"image":{"@id":"https:\/\/ncpi.org.br\/en\/#\/schema\/logo\/image\/"},"sameAs":["https:\/\/www.facebook.com\/nucleocienciapelainfancia\/","https:\/\/www.linkedin.com\/company\/nucleocienciapelainfancia","https:\/\/www.youtube.com\/nucleocienciapelainfancia","https:\/\/www.instagram.com\/nucleocienciapelainfancia\/"]}]}},"_links":{"self":[{"href":"https:\/\/ncpi.org.br\/en\/wp-json\/wp\/v2\/publicacao\/363","targetHints":{"allow":["GET"]}}],"collection":[{"href":"https:\/\/ncpi.org.br\/en\/wp-json\/wp\/v2\/publicacao"}],"about":[{"href":"https:\/\/ncpi.org.br\/en\/wp-json\/wp\/v2\/types\/publicacao"}],"version-history":[{"count":0,"href":"https:\/\/ncpi.org.br\/en\/wp-json\/wp\/v2\/publicacao\/363\/revisions"}],"wp:featuredmedia":[{"embeddable":true,"href":"https:\/\/ncpi.org.br\/en\/wp-json\/wp\/v2\/media\/1646"}],"wp:attachment":[{"href":"https:\/\/ncpi.org.br\/en\/wp-json\/wp\/v2\/media?parent=363"}],"wp:term":[{"taxonomy":"post_tag","embeddable":true,"href":"https:\/\/ncpi.org.br\/en\/wp-json\/wp\/v2\/tags?post=363"},{"taxonomy":"formato","embeddable":true,"href":"https:\/\/ncpi.org.br\/en\/wp-json\/wp\/v2\/formato?post=363"},{"taxonomy":"procedencia","embeddable":true,"href":"https:\/\/ncpi.org.br\/en\/wp-json\/wp\/v2\/procedencia?post=363"},{"taxonomy":"tema","embeddable":true,"href":"https:\/\/ncpi.org.br\/en\/wp-json\/wp\/v2\/tema?post=363"}],"curies":[{"name":"wp","href":"https:\/\/api.w.org\/{rel}","templated":true}]}}